{"id":9,"date":"2023-04-05T13:32:37","date_gmt":"2023-04-05T13:32:37","guid":{"rendered":"https:\/\/cookinrio.com\/food\/trade\/"},"modified":"2025-01-23T15:02:41","modified_gmt":"2025-01-23T15:02:41","slug":"trade","status":"publish","type":"page","link":"https:\/\/cookinrio.com\/food\/about-cook-rio-de-janeiro\/trade-2\/trade\/","title":{"rendered":"Tarif\u00e1rio e conte\u00fado da nossa experi\u00eancia culin\u00e1ria"},"content":{"rendered":"\n<p>Sua ag\u00eancia atende turistas estrangeiros,casais, fam\u00edlias, grupos que querem ter uma experi\u00eancia gastron\u00f4mica diferente?<\/p>\n\n\n\n<p>O Cook in Rio proporciona uma divers\u00e3o culin\u00e1ria numa cozinha com ingredientes e receitas brasileiras, criando uma imers\u00e3o cultural atrav\u00e9s da comida.<\/p>\n\n\n\n<p>Durante tr\u00eas a quatro horas seus clientes ir\u00e3o aprender a fazer caipirinhas, algumas entradinhas brasileiras, como aipim frito e tapioca de queijo com geleia de pimenta, depois escolheram entre moqueca com farofa e arroz ou picanha com farofa de banana, molho \u00e0 campanha e aipim na manteiga. Terminamos com brigadeiro ou batida de c\u00f4co.<\/p>\n\n\n\n<p>Podemos atender at\u00e9 10 pessoas no nosso est\u00fadio. Para grupos maiores temos tr\u00eas op\u00e7\u00f5es de casas panor\u00e2micas para atender at\u00e9 30 Pax.<\/p>\n\n\n\n<h2 class=\"wp-block-heading\">Tarif\u00e1rio cooking class<\/h2>\n\n\n\n<figure class=\"wp-block-gallery has-nested-images columns-default is-cropped wp-block-gallery-1 is-layout-flex wp-block-gallery-is-layout-flex\">\n<figure class=\"wp-block-image size-large is-resized\"><a href=\"https:\/\/cookinrio.com\/tarifario-cook-in-rio-2024.pdf\"><img fetchpriority=\"high\" decoding=\"async\" width=\"300\" height=\"421\" data-id=\"1569\" src=\"https:\/\/cookinrio.com\/food\/wp-content\/uploads\/2023\/08\/TarifarioCookinrio2016-pt-cmyk.jpg\" alt=\"\" class=\"wp-image-1569\" style=\"width:100px;height:undefinedpx\" srcset=\"https:\/\/cookinrio.com\/food\/wp-content\/uploads\/2023\/08\/TarifarioCookinrio2016-pt-cmyk.jpg 300w, https:\/\/cookinrio.com\/food\/wp-content\/uploads\/2023\/08\/TarifarioCookinrio2016-pt-cmyk-214x300.jpg 214w\" sizes=\"(max-width: 300px) 100vw, 300px\" \/><\/a><\/figure>\n<\/figure>\n\n\n\n<h2 class=\"wp-block-heading has-medium-font-size\">Baixe nosso tarif\u00e1rio <a href=\"https:\/\/cookinrio.com\/tarifario-cook-in-rio-2025.pdf\">2025 aqui<\/a><\/h2>\n\n\n\n<p>Acesse a planilha com todos 7 tarifarios, descritivos e fotos dos nossos <a href=\"https:\/\/bit.ly\/4bSxZDt\" target=\"_blank\" rel=\"noreferrer noopener\">food tours, aqui<\/a><\/p>\n\n\n\n<p><\/p>\n\n\n\n<div style=\"height:100px\" aria-hidden=\"true\" class=\"wp-block-spacer\"><\/div>\n\n\n\n<h2 class=\"wp-block-heading\">Nossos 7 food tours<\/h2>\n\n\n\n<figure class=\"wp-block-image size-large\"><img decoding=\"async\" width=\"1024\" height=\"756\" src=\"https:\/\/cookinrio.com\/food\/wp-content\/uploads\/2025\/01\/cook-in-rio-calendar-2025-7tours-1024x756.jpg\" alt=\"\" class=\"wp-image-4261\" srcset=\"https:\/\/cookinrio.com\/food\/wp-content\/uploads\/2025\/01\/cook-in-rio-calendar-2025-7tours-1024x756.jpg 1024w, https:\/\/cookinrio.com\/food\/wp-content\/uploads\/2025\/01\/cook-in-rio-calendar-2025-7tours-300x222.jpg 300w, https:\/\/cookinrio.com\/food\/wp-content\/uploads\/2025\/01\/cook-in-rio-calendar-2025-7tours-768x567.jpg 768w, https:\/\/cookinrio.com\/food\/wp-content\/uploads\/2025\/01\/cook-in-rio-calendar-2025-7tours.jpg 1300w\" sizes=\"(max-width: 1024px) 100vw, 1024px\" \/><\/figure>\n\n\n\n<p>Acesse a planilha com todos 7 tarifarios, descritivos e fotos dos nossos <a href=\"https:\/\/bit.ly\/4bSxZDt\" target=\"_blank\" rel=\"noreferrer noopener\">food tours, aqui<\/a><\/p>\n\n\n\n<div style=\"height:100px\" aria-hidden=\"true\" class=\"wp-block-spacer\"><\/div>\n\n\n\n<h2 class=\"wp-block-heading\">Nosso est\u00fadio em Ipanema (at\u00e9 10pax)<\/h2>\n\n\n\n<p>Nosso est\u00fadio em Ipanema (Rua Visconde de Piraja 281 SL213 &#8211; ver no <a href=\"https:\/\/goo.gl\/maps\/8M85tQzN75NYY1xW6\">Google Maps<\/a>)<\/p>\n\n\n\n<figure class=\"wp-block-embed is-type-video is-provider-youtube wp-block-embed-youtube wp-embed-aspect-16-9 wp-has-aspect-ratio\"><div class=\"wp-block-embed__wrapper\">\n<div class=\"ast-oembed-container\" style=\"height: 100%;\"><iframe title=\"Walk-thru do Cook in Rio studio\" width=\"500\" height=\"281\" src=\"https:\/\/www.youtube.com\/embed\/MNWt1oFORIc?feature=oembed\" frameborder=\"0\" allow=\"accelerometer; autoplay; clipboard-write; encrypted-media; gyroscope; picture-in-picture; web-share\" referrerpolicy=\"strict-origin-when-cross-origin\" allowfullscreen><\/iframe><\/div>\n<\/div><\/figure>\n\n\n\n<figure class=\"wp-block-gallery has-nested-images columns-default is-cropped wp-block-gallery-2 is-layout-flex wp-block-gallery-is-layout-flex\">\n<figure class=\"wp-block-image size-large\"><img decoding=\"async\" width=\"1024\" height=\"576\" data-id=\"1562\" src=\"https:\/\/cookinrio.com\/food\/wp-content\/uploads\/2023\/08\/estudio-cook-in-rio-na-visconde-01-1024x576.jpeg\" alt=\"\" class=\"wp-image-1562\" srcset=\"https:\/\/cookinrio.com\/food\/wp-content\/uploads\/2023\/08\/estudio-cook-in-rio-na-visconde-01-1024x576.jpeg 1024w, https:\/\/cookinrio.com\/food\/wp-content\/uploads\/2023\/08\/estudio-cook-in-rio-na-visconde-01-300x169.jpeg 300w, https:\/\/cookinrio.com\/food\/wp-content\/uploads\/2023\/08\/estudio-cook-in-rio-na-visconde-01-768x432.jpeg 768w, https:\/\/cookinrio.com\/food\/wp-content\/uploads\/2023\/08\/estudio-cook-in-rio-na-visconde-01-1536x864.jpeg 1536w, https:\/\/cookinrio.com\/food\/wp-content\/uploads\/2023\/08\/estudio-cook-in-rio-na-visconde-01.jpeg 1600w\" sizes=\"(max-width: 1024px) 100vw, 1024px\" \/><\/figure>\n\n\n\n<figure class=\"wp-block-image size-large\"><img loading=\"lazy\" decoding=\"async\" width=\"576\" height=\"1024\" data-id=\"1559\" src=\"https:\/\/cookinrio.com\/food\/wp-content\/uploads\/2023\/08\/estudio-cook-in-rio-na-visconde-05-576x1024.jpeg\" alt=\"\" class=\"wp-image-1559\" srcset=\"https:\/\/cookinrio.com\/food\/wp-content\/uploads\/2023\/08\/estudio-cook-in-rio-na-visconde-05-576x1024.jpeg 576w, https:\/\/cookinrio.com\/food\/wp-content\/uploads\/2023\/08\/estudio-cook-in-rio-na-visconde-05-169x300.jpeg 169w, https:\/\/cookinrio.com\/food\/wp-content\/uploads\/2023\/08\/estudio-cook-in-rio-na-visconde-05-768x1365.jpeg 768w, https:\/\/cookinrio.com\/food\/wp-content\/uploads\/2023\/08\/estudio-cook-in-rio-na-visconde-05-864x1536.jpeg 864w, https:\/\/cookinrio.com\/food\/wp-content\/uploads\/2023\/08\/estudio-cook-in-rio-na-visconde-05.jpeg 900w\" sizes=\"(max-width: 576px) 100vw, 576px\" \/><\/figure>\n\n\n\n<figure class=\"wp-block-image size-large\"><img loading=\"lazy\" decoding=\"async\" width=\"576\" height=\"1024\" data-id=\"1561\" src=\"https:\/\/cookinrio.com\/food\/wp-content\/uploads\/2023\/08\/estudio-cook-in-rio-na-visconde-04-576x1024.jpeg\" alt=\"\" class=\"wp-image-1561\" srcset=\"https:\/\/cookinrio.com\/food\/wp-content\/uploads\/2023\/08\/estudio-cook-in-rio-na-visconde-04-576x1024.jpeg 576w, https:\/\/cookinrio.com\/food\/wp-content\/uploads\/2023\/08\/estudio-cook-in-rio-na-visconde-04-169x300.jpeg 169w, https:\/\/cookinrio.com\/food\/wp-content\/uploads\/2023\/08\/estudio-cook-in-rio-na-visconde-04-768x1365.jpeg 768w, https:\/\/cookinrio.com\/food\/wp-content\/uploads\/2023\/08\/estudio-cook-in-rio-na-visconde-04-864x1536.jpeg 864w, https:\/\/cookinrio.com\/food\/wp-content\/uploads\/2023\/08\/estudio-cook-in-rio-na-visconde-04.jpeg 900w\" sizes=\"(max-width: 576px) 100vw, 576px\" \/><\/figure>\n\n\n\n<figure class=\"wp-block-image size-large\"><img loading=\"lazy\" decoding=\"async\" width=\"1600\" height=\"900\" data-id=\"1560\" src=\"https:\/\/cookinrio.com\/food\/wp-content\/uploads\/2023\/08\/estudio-cook-in-rio-na-visconde-06.jpeg\" alt=\"\" class=\"wp-image-1560\"\/><\/figure>\n\n\n\n<figure class=\"wp-block-image size-large\"><img loading=\"lazy\" decoding=\"async\" width=\"576\" height=\"1024\" data-id=\"1563\" src=\"https:\/\/cookinrio.com\/food\/wp-content\/uploads\/2023\/08\/estudio-cook-in-rio-na-visconde-02-576x1024.jpeg\" alt=\"\" class=\"wp-image-1563\" srcset=\"https:\/\/cookinrio.com\/food\/wp-content\/uploads\/2023\/08\/estudio-cook-in-rio-na-visconde-02-576x1024.jpeg 576w, https:\/\/cookinrio.com\/food\/wp-content\/uploads\/2023\/08\/estudio-cook-in-rio-na-visconde-02-169x300.jpeg 169w, https:\/\/cookinrio.com\/food\/wp-content\/uploads\/2023\/08\/estudio-cook-in-rio-na-visconde-02-768x1365.jpeg 768w, https:\/\/cookinrio.com\/food\/wp-content\/uploads\/2023\/08\/estudio-cook-in-rio-na-visconde-02-864x1536.jpeg 864w, https:\/\/cookinrio.com\/food\/wp-content\/uploads\/2023\/08\/estudio-cook-in-rio-na-visconde-02.jpeg 900w\" sizes=\"(max-width: 576px) 100vw, 576px\" \/><\/figure>\n\n\n\n<figure class=\"wp-block-image size-full\"><img decoding=\"async\" data-id=\"1558\" src=\"https:\/\/cookinrio.com\/food\/wp-content\/uploads\/2023\/08\/estudio-cook-in-rio-na-visconde-03.jpeg\" alt=\"\" class=\"wp-image-1558\"\/><\/figure>\n<\/figure>\n\n\n\n<div style=\"height:100px\" aria-hidden=\"true\" class=\"wp-block-spacer\"><\/div>\n\n\n\n<h2 class=\"wp-block-heading\">Espacos para mais que 10pax<\/h2>\n\n\n\n<p>Para melhor&nbsp;oferecer aulas para grupos podemos fazer da seguinte forma:<\/p>\n\n\n\n<p><strong>opcao A)<\/strong>\u00a0<strong>dividir o grupo em\u00a0subgrupos <\/strong>de at\u00e9 24 pessoas , e fazer as aulas no nosso patio em Copa. O valor fica R$340\u00a0 por pax at\u00e9 o final de 2025.<\/p>\n\n\n\n<p><strong>OU<\/strong><\/p>\n\n\n\n<p><strong>op\u00e7\u00e3o B)<\/strong>\u00a0fazer uma aula <strong> num outro espa\u00e7o <\/strong>com vista para o Rio de Janeiro. O valor por pax \u00e9 R$440 mais o aluguel do espa\u00e7o, conforme abaixo:<\/p>\n\n\n\n<h2 class=\"wp-block-heading\">Nosso Patio em Copa (free)<\/h2>\n\n\n\n<p>(Esse p\u00e1tio \u00e9 nosso, ent\u00e3o n\u00e3o precisamos alugar. \u00c9 um p\u00e1tio externo parcialmente coberto com toldo de 50m2, ent\u00e3o permite aula de churrasco, cabe 24 pax)<\/p>\n\n\n\n<figure class=\"wp-block-gallery has-nested-images columns-default is-cropped wp-block-gallery-3 is-layout-flex wp-block-gallery-is-layout-flex\">\n<figure class=\"wp-block-image size-large\"><img loading=\"lazy\" decoding=\"async\" width=\"1024\" height=\"576\" data-id=\"4256\" src=\"https:\/\/cookinrio.com\/food\/wp-content\/uploads\/2025\/01\/IMG-20250120-WA0043-1024x576.jpg\" alt=\"\" class=\"wp-image-4256\" srcset=\"https:\/\/cookinrio.com\/food\/wp-content\/uploads\/2025\/01\/IMG-20250120-WA0043-1024x576.jpg 1024w, https:\/\/cookinrio.com\/food\/wp-content\/uploads\/2025\/01\/IMG-20250120-WA0043-300x169.jpg 300w, https:\/\/cookinrio.com\/food\/wp-content\/uploads\/2025\/01\/IMG-20250120-WA0043-768x432.jpg 768w, https:\/\/cookinrio.com\/food\/wp-content\/uploads\/2025\/01\/IMG-20250120-WA0043.jpg 1280w\" sizes=\"(max-width: 1024px) 100vw, 1024px\" \/><\/figure>\n\n\n\n<figure class=\"wp-block-image size-large\"><img loading=\"lazy\" decoding=\"async\" width=\"1024\" height=\"576\" data-id=\"4253\" src=\"https:\/\/cookinrio.com\/food\/wp-content\/uploads\/2025\/01\/IMG-20250120-WA0045-1024x576.jpg\" alt=\"\" class=\"wp-image-4253\" srcset=\"https:\/\/cookinrio.com\/food\/wp-content\/uploads\/2025\/01\/IMG-20250120-WA0045-1024x576.jpg 1024w, https:\/\/cookinrio.com\/food\/wp-content\/uploads\/2025\/01\/IMG-20250120-WA0045-300x169.jpg 300w, https:\/\/cookinrio.com\/food\/wp-content\/uploads\/2025\/01\/IMG-20250120-WA0045-768x432.jpg 768w, https:\/\/cookinrio.com\/food\/wp-content\/uploads\/2025\/01\/IMG-20250120-WA0045.jpg 1280w\" sizes=\"(max-width: 1024px) 100vw, 1024px\" \/><\/figure>\n\n\n\n<figure class=\"wp-block-image size-large\"><img loading=\"lazy\" decoding=\"async\" width=\"1024\" height=\"768\" data-id=\"4255\" src=\"https:\/\/cookinrio.com\/food\/wp-content\/uploads\/2025\/01\/IMG-20250120-WA0046-1024x768.jpg\" alt=\"\" class=\"wp-image-4255\" srcset=\"https:\/\/cookinrio.com\/food\/wp-content\/uploads\/2025\/01\/IMG-20250120-WA0046-1024x768.jpg 1024w, https:\/\/cookinrio.com\/food\/wp-content\/uploads\/2025\/01\/IMG-20250120-WA0046-300x225.jpg 300w, https:\/\/cookinrio.com\/food\/wp-content\/uploads\/2025\/01\/IMG-20250120-WA0046-768x576.jpg 768w, https:\/\/cookinrio.com\/food\/wp-content\/uploads\/2025\/01\/IMG-20250120-WA0046.jpg 1280w\" sizes=\"(max-width: 1024px) 100vw, 1024px\" \/><\/figure>\n\n\n\n<figure class=\"wp-block-image size-large\"><img loading=\"lazy\" decoding=\"async\" width=\"1024\" height=\"768\" data-id=\"4254\" src=\"https:\/\/cookinrio.com\/food\/wp-content\/uploads\/2025\/01\/IMG-20250120-WA0047-1024x768.jpg\" alt=\"\" class=\"wp-image-4254\" srcset=\"https:\/\/cookinrio.com\/food\/wp-content\/uploads\/2025\/01\/IMG-20250120-WA0047-1024x768.jpg 1024w, https:\/\/cookinrio.com\/food\/wp-content\/uploads\/2025\/01\/IMG-20250120-WA0047-300x225.jpg 300w, https:\/\/cookinrio.com\/food\/wp-content\/uploads\/2025\/01\/IMG-20250120-WA0047-768x576.jpg 768w, https:\/\/cookinrio.com\/food\/wp-content\/uploads\/2025\/01\/IMG-20250120-WA0047.jpg 1280w\" sizes=\"(max-width: 1024px) 100vw, 1024px\" \/><\/figure>\n<\/figure>\n\n\n\n<div style=\"height:100px\" aria-hidden=\"true\" class=\"wp-block-spacer\"><\/div>\n\n\n\n<h4 class=\"wp-block-heading\">Espa\u00e7o Quiosque Rayz no cal\u00e7ad\u00e3o do Leme <\/h4>\n\n\n\n<p>Cabe 40 pessoas sentadas. H\u00e1 ombrelones se estiver chovendo.&nbsp;Aluguel varia de R$2000 (11pax) a R$3300 (40pax),&nbsp; (valores 2024)<\/p>\n\n\n\n<figure class=\"wp-block-gallery has-nested-images columns-default is-cropped wp-block-gallery-4 is-layout-flex wp-block-gallery-is-layout-flex\">\n<figure class=\"wp-block-image size-large\"><img loading=\"lazy\" decoding=\"async\" width=\"1024\" height=\"576\" data-id=\"4220\" src=\"https:\/\/cookinrio.com\/food\/wp-content\/uploads\/2024\/03\/IMG-20240207-WA0035-1024x576.jpg\" alt=\"\" class=\"wp-image-4220\" srcset=\"https:\/\/cookinrio.com\/food\/wp-content\/uploads\/2024\/03\/IMG-20240207-WA0035-1024x576.jpg 1024w, https:\/\/cookinrio.com\/food\/wp-content\/uploads\/2024\/03\/IMG-20240207-WA0035-300x169.jpg 300w, https:\/\/cookinrio.com\/food\/wp-content\/uploads\/2024\/03\/IMG-20240207-WA0035-768x432.jpg 768w, https:\/\/cookinrio.com\/food\/wp-content\/uploads\/2024\/03\/IMG-20240207-WA0035.jpg 1280w\" sizes=\"(max-width: 1024px) 100vw, 1024px\" \/><\/figure>\n\n\n\n<figure class=\"wp-block-image size-large\"><img loading=\"lazy\" decoding=\"async\" width=\"1024\" height=\"576\" data-id=\"4222\" src=\"https:\/\/cookinrio.com\/food\/wp-content\/uploads\/2024\/03\/IMG-20240207-WA0037-1024x576.jpg\" alt=\"\" class=\"wp-image-4222\" srcset=\"https:\/\/cookinrio.com\/food\/wp-content\/uploads\/2024\/03\/IMG-20240207-WA0037-1024x576.jpg 1024w, https:\/\/cookinrio.com\/food\/wp-content\/uploads\/2024\/03\/IMG-20240207-WA0037-300x169.jpg 300w, https:\/\/cookinrio.com\/food\/wp-content\/uploads\/2024\/03\/IMG-20240207-WA0037-768x432.jpg 768w, https:\/\/cookinrio.com\/food\/wp-content\/uploads\/2024\/03\/IMG-20240207-WA0037.jpg 1280w\" sizes=\"(max-width: 1024px) 100vw, 1024px\" \/><\/figure>\n\n\n\n<figure class=\"wp-block-image size-large\"><img loading=\"lazy\" decoding=\"async\" width=\"1024\" height=\"576\" data-id=\"4221\" src=\"https:\/\/cookinrio.com\/food\/wp-content\/uploads\/2024\/03\/IMG-20240207-WA0043-1024x576.jpg\" alt=\"\" class=\"wp-image-4221\" srcset=\"https:\/\/cookinrio.com\/food\/wp-content\/uploads\/2024\/03\/IMG-20240207-WA0043-1024x576.jpg 1024w, https:\/\/cookinrio.com\/food\/wp-content\/uploads\/2024\/03\/IMG-20240207-WA0043-300x169.jpg 300w, https:\/\/cookinrio.com\/food\/wp-content\/uploads\/2024\/03\/IMG-20240207-WA0043-768x432.jpg 768w, https:\/\/cookinrio.com\/food\/wp-content\/uploads\/2024\/03\/IMG-20240207-WA0043.jpg 1280w\" sizes=\"(max-width: 1024px) 100vw, 1024px\" \/><\/figure>\n\n\n\n<figure class=\"wp-block-image size-large\"><img loading=\"lazy\" decoding=\"async\" width=\"1024\" height=\"576\" data-id=\"4219\" src=\"https:\/\/cookinrio.com\/food\/wp-content\/uploads\/2024\/03\/IMG-20240207-WA0046-1024x576.jpg\" alt=\"\" class=\"wp-image-4219\" srcset=\"https:\/\/cookinrio.com\/food\/wp-content\/uploads\/2024\/03\/IMG-20240207-WA0046-1024x576.jpg 1024w, https:\/\/cookinrio.com\/food\/wp-content\/uploads\/2024\/03\/IMG-20240207-WA0046-300x169.jpg 300w, https:\/\/cookinrio.com\/food\/wp-content\/uploads\/2024\/03\/IMG-20240207-WA0046-768x432.jpg 768w, https:\/\/cookinrio.com\/food\/wp-content\/uploads\/2024\/03\/IMG-20240207-WA0046.jpg 1280w\" sizes=\"(max-width: 1024px) 100vw, 1024px\" \/><\/figure>\n<\/figure>\n\n\n\n<figure class=\"wp-block-embed is-type-video is-provider-youtube wp-block-embed-youtube wp-embed-aspect-16-9 wp-has-aspect-ratio\"><div class=\"wp-block-embed__wrapper\">\n<div class=\"ast-oembed-container\" style=\"height: 100%;\"><iframe title=\"Stephanie Juliens birthday in Leme - feb 2024\" width=\"500\" height=\"281\" src=\"https:\/\/www.youtube.com\/embed\/E0cA-rnraAk?feature=oembed\" frameborder=\"0\" allow=\"accelerometer; autoplay; clipboard-write; encrypted-media; gyroscope; picture-in-picture; web-share\" referrerpolicy=\"strict-origin-when-cross-origin\" allowfullscreen><\/iframe><\/div>\n<\/div><figcaption class=\"wp-element-caption\">Aula para ate 40pax no Quiosque Rayz, no Leme<\/figcaption><\/figure>\n\n\n\n<div style=\"height:100px\" aria-hidden=\"true\" class=\"wp-block-spacer\"><\/div>\n\n\n\n<h4 class=\"wp-block-heading\">Espa\u00e7o Rooftop no Clube do Flamengo&nbsp;na G\u00e1vea.<\/h4>\n\n\n\n<p> Cabe 40 pessoas sentadas. H\u00e1 ombrelones se estiver chuviscando.&nbsp;<br>Aluguel varia de R$1300 (11pax) a R$2700 (40pax), (valores 2024)<\/p>\n\n\n\n<figure class=\"wp-block-gallery has-nested-images columns-default is-cropped wp-block-gallery-5 is-layout-flex wp-block-gallery-is-layout-flex\">\n<figure class=\"wp-block-image size-large\"><img loading=\"lazy\" decoding=\"async\" width=\"1024\" height=\"1024\" data-id=\"4226\" src=\"https:\/\/cookinrio.com\/food\/wp-content\/uploads\/2024\/03\/clube-do-flamengo-1024x1024.jpg\" alt=\"\" class=\"wp-image-4226\" srcset=\"https:\/\/cookinrio.com\/food\/wp-content\/uploads\/2024\/03\/clube-do-flamengo-1024x1024.jpg 1024w, https:\/\/cookinrio.com\/food\/wp-content\/uploads\/2024\/03\/clube-do-flamengo-300x300.jpg 300w, https:\/\/cookinrio.com\/food\/wp-content\/uploads\/2024\/03\/clube-do-flamengo-150x150.jpg 150w, https:\/\/cookinrio.com\/food\/wp-content\/uploads\/2024\/03\/clube-do-flamengo-768x768.jpg 768w, https:\/\/cookinrio.com\/food\/wp-content\/uploads\/2024\/03\/clube-do-flamengo.jpg 1280w\" sizes=\"(max-width: 1024px) 100vw, 1024px\" \/><\/figure>\n\n\n\n<figure class=\"wp-block-image size-large\"><img loading=\"lazy\" decoding=\"async\" width=\"1024\" height=\"1024\" data-id=\"4227\" src=\"https:\/\/cookinrio.com\/food\/wp-content\/uploads\/2024\/03\/clube-do-flamengo2-1024x1024.jpg\" alt=\"\" class=\"wp-image-4227\" srcset=\"https:\/\/cookinrio.com\/food\/wp-content\/uploads\/2024\/03\/clube-do-flamengo2-1024x1024.jpg 1024w, https:\/\/cookinrio.com\/food\/wp-content\/uploads\/2024\/03\/clube-do-flamengo2-300x300.jpg 300w, https:\/\/cookinrio.com\/food\/wp-content\/uploads\/2024\/03\/clube-do-flamengo2-150x150.jpg 150w, https:\/\/cookinrio.com\/food\/wp-content\/uploads\/2024\/03\/clube-do-flamengo2-768x768.jpg 768w, https:\/\/cookinrio.com\/food\/wp-content\/uploads\/2024\/03\/clube-do-flamengo2.jpg 1280w\" sizes=\"(max-width: 1024px) 100vw, 1024px\" \/><\/figure>\n<\/figure>\n\n\n\n<figure class=\"wp-block-embed is-type-video is-provider-youtube wp-block-embed-youtube wp-embed-aspect-16-9 wp-has-aspect-ratio\"><div class=\"wp-block-embed__wrapper\">\n<div class=\"ast-oembed-container\" style=\"height: 100%;\"><iframe title=\"Rooftop Clube do Flamengo, Gavea, Rio de Janeiro\" width=\"500\" height=\"281\" src=\"https:\/\/www.youtube.com\/embed\/FOq3R9kPX4s?feature=oembed\" frameborder=\"0\" allow=\"accelerometer; autoplay; clipboard-write; encrypted-media; gyroscope; picture-in-picture; web-share\" referrerpolicy=\"strict-origin-when-cross-origin\" allowfullscreen><\/iframe><\/div>\n<\/div><figcaption class=\"wp-element-caption\">Rooftop no Clube do Flamengo <\/figcaption><\/figure>\n\n\n\n<div style=\"height:100px\" aria-hidden=\"true\" class=\"wp-block-spacer\"><\/div>\n\n\n\n<h4 class=\"wp-block-heading\">Espa\u00e7o casa com jardim em Santa Teresa e vista P\u00e3o de A\u00e7\u00facar.<\/h4>\n\n\n\n<p>Jardim numa casa em Santa Teresa com vista para o P\u00e3o de A\u00e7\u00facar. Cabe at\u00e9 25 pessoas. Podemos fazer a aula na parte interna da casa em caso de chuva.<br>Aluguel varia de R$1500 (11pax) a R$2900 (25pax) (valores 2024)<\/p>\n\n\n\n<figure class=\"wp-block-embed is-type-video is-provider-youtube wp-block-embed-youtube wp-embed-aspect-16-9 wp-has-aspect-ratio\"><div class=\"wp-block-embed__wrapper\">\n<div class=\"ast-oembed-container\" style=\"height: 100%;\"><iframe title=\"cooking class para 23pax em santa teresa\" width=\"500\" height=\"281\" src=\"https:\/\/www.youtube.com\/embed\/GZAwR9oD8oY?feature=oembed\" frameborder=\"0\" allow=\"accelerometer; autoplay; clipboard-write; encrypted-media; gyroscope; picture-in-picture; web-share\" referrerpolicy=\"strict-origin-when-cross-origin\" allowfullscreen><\/iframe><\/div>\n<\/div><\/figure>\n\n\n\n<figure class=\"wp-block-embed is-type-video is-provider-youtube wp-block-embed-youtube wp-embed-aspect-16-9 wp-has-aspect-ratio\"><div class=\"wp-block-embed__wrapper\">\n<div class=\"ast-oembed-container\" style=\"height: 100%;\"><iframe title=\"group class 22 outubro 2023 em st teresa\" width=\"500\" height=\"281\" src=\"https:\/\/www.youtube.com\/embed\/f8v5uj7gCGM?feature=oembed\" frameborder=\"0\" allow=\"accelerometer; autoplay; clipboard-write; encrypted-media; gyroscope; picture-in-picture; web-share\" referrerpolicy=\"strict-origin-when-cross-origin\" allowfullscreen><\/iframe><\/div>\n<\/div><figcaption class=\"wp-element-caption\">Aula para ate 25pax em Santa Teresa<\/figcaption><\/figure>\n\n\n\n<figure class=\"wp-block-gallery has-nested-images columns-4 is-cropped wp-block-gallery-6 is-layout-flex wp-block-gallery-is-layout-flex\">\n<figure class=\"wp-block-image size-large\"><a href=\"https:\/\/cookinrio.com\/food\/wp-content\/uploads\/2023\/08\/20200815_124532-scaled.jpg\" target=\"_blank\" rel=\"noopener\"><img loading=\"lazy\" decoding=\"async\" width=\"1024\" height=\"576\" data-id=\"1517\" src=\"https:\/\/cookinrio.com\/food\/wp-content\/uploads\/2023\/08\/20200815_124532-1024x576.jpg\" alt=\"\" class=\"wp-image-1517\" srcset=\"https:\/\/cookinrio.com\/food\/wp-content\/uploads\/2023\/08\/20200815_124532-1024x576.jpg 1024w, https:\/\/cookinrio.com\/food\/wp-content\/uploads\/2023\/08\/20200815_124532-300x169.jpg 300w, https:\/\/cookinrio.com\/food\/wp-content\/uploads\/2023\/08\/20200815_124532-768x432.jpg 768w, https:\/\/cookinrio.com\/food\/wp-content\/uploads\/2023\/08\/20200815_124532-1536x864.jpg 1536w, https:\/\/cookinrio.com\/food\/wp-content\/uploads\/2023\/08\/20200815_124532-2048x1152.jpg 2048w\" sizes=\"(max-width: 1024px) 100vw, 1024px\" \/><\/a><figcaption class=\"wp-element-caption\">St Teresa<\/figcaption><\/figure>\n\n\n\n<figure class=\"wp-block-image size-large\"><a href=\"https:\/\/cookinrio.com\/food\/wp-content\/uploads\/2023\/08\/184273704.jpg\" target=\"_blank\" rel=\"noopener\"><img loading=\"lazy\" decoding=\"async\" width=\"1024\" height=\"727\" data-id=\"1518\" src=\"https:\/\/cookinrio.com\/food\/wp-content\/uploads\/2023\/08\/184273704.jpg\" alt=\"\" class=\"wp-image-1518\" srcset=\"https:\/\/cookinrio.com\/food\/wp-content\/uploads\/2023\/08\/184273704.jpg 1024w, https:\/\/cookinrio.com\/food\/wp-content\/uploads\/2023\/08\/184273704-300x213.jpg 300w, https:\/\/cookinrio.com\/food\/wp-content\/uploads\/2023\/08\/184273704-768x545.jpg 768w\" sizes=\"(max-width: 1024px) 100vw, 1024px\" \/><\/a><figcaption class=\"wp-element-caption\">St Teresa<\/figcaption><\/figure>\n\n\n\n<figure class=\"wp-block-image size-large\"><a href=\"https:\/\/cookinrio.com\/food\/wp-content\/uploads\/2023\/08\/184274442.jpg\" target=\"_blank\" rel=\"noopener\"><img loading=\"lazy\" decoding=\"async\" width=\"1024\" height=\"683\" data-id=\"1519\" src=\"https:\/\/cookinrio.com\/food\/wp-content\/uploads\/2023\/08\/184274442.jpg\" alt=\"\" class=\"wp-image-1519\" srcset=\"https:\/\/cookinrio.com\/food\/wp-content\/uploads\/2023\/08\/184274442.jpg 1024w, https:\/\/cookinrio.com\/food\/wp-content\/uploads\/2023\/08\/184274442-300x200.jpg 300w, https:\/\/cookinrio.com\/food\/wp-content\/uploads\/2023\/08\/184274442-768x512.jpg 768w\" sizes=\"(max-width: 1024px) 100vw, 1024px\" \/><\/a><figcaption class=\"wp-element-caption\">St Teresa<\/figcaption><\/figure>\n\n\n\n<figure class=\"wp-block-image size-large\"><a href=\"https:\/\/cookinrio.com\/food\/wp-content\/uploads\/2023\/08\/253124921.jpg\" target=\"_blank\" rel=\"noopener\"><img loading=\"lazy\" decoding=\"async\" width=\"1024\" height=\"768\" data-id=\"1520\" src=\"https:\/\/cookinrio.com\/food\/wp-content\/uploads\/2023\/08\/253124921.jpg\" alt=\"\" class=\"wp-image-1520\" srcset=\"https:\/\/cookinrio.com\/food\/wp-content\/uploads\/2023\/08\/253124921.jpg 1024w, https:\/\/cookinrio.com\/food\/wp-content\/uploads\/2023\/08\/253124921-300x225.jpg 300w, https:\/\/cookinrio.com\/food\/wp-content\/uploads\/2023\/08\/253124921-768x576.jpg 768w\" sizes=\"(max-width: 1024px) 100vw, 1024px\" \/><\/a><figcaption class=\"wp-element-caption\">St Teresa<\/figcaption><\/figure>\n<\/figure>\n\n\n\n<div style=\"height:100px\" aria-hidden=\"true\" class=\"wp-block-spacer\"><\/div>\n\n\n\n<h3 class=\"wp-block-heading\">Espa\u00e7o cobertura na Barra da Tijuca<\/h3>\n\n\n\n<p>espaco&nbsp;para ate 18pax:&nbsp;cobertura na resid\u00eancia de um dos nossos instrutores no Parque das Rosa, Barra.&nbsp;<br>Vista para a Barra da Tijuca. <br>Aluguel varia de R$600 (10 pax) a R$1100 (18pax) (valores 2024)<\/p>\n\n\n\n<figure class=\"wp-block-gallery has-nested-images columns-default is-cropped wp-block-gallery-7 is-layout-flex wp-block-gallery-is-layout-flex\">\n<figure class=\"wp-block-image size-large\"><img loading=\"lazy\" decoding=\"async\" width=\"1024\" height=\"576\" data-id=\"4216\" src=\"https:\/\/cookinrio.com\/food\/wp-content\/uploads\/2024\/03\/terraco-do-chef-flavio-na-barra-parque-das-rosas-1024x576.jpeg\" alt=\"\" class=\"wp-image-4216\" srcset=\"https:\/\/cookinrio.com\/food\/wp-content\/uploads\/2024\/03\/terraco-do-chef-flavio-na-barra-parque-das-rosas-1024x576.jpeg 1024w, https:\/\/cookinrio.com\/food\/wp-content\/uploads\/2024\/03\/terraco-do-chef-flavio-na-barra-parque-das-rosas-300x169.jpeg 300w, https:\/\/cookinrio.com\/food\/wp-content\/uploads\/2024\/03\/terraco-do-chef-flavio-na-barra-parque-das-rosas-768x432.jpeg 768w, https:\/\/cookinrio.com\/food\/wp-content\/uploads\/2024\/03\/terraco-do-chef-flavio-na-barra-parque-das-rosas-1536x864.jpeg 1536w, https:\/\/cookinrio.com\/food\/wp-content\/uploads\/2024\/03\/terraco-do-chef-flavio-na-barra-parque-das-rosas.jpeg 1599w\" sizes=\"(max-width: 1024px) 100vw, 1024px\" \/><\/figure>\n\n\n\n<figure class=\"wp-block-image size-large\"><img loading=\"lazy\" decoding=\"async\" width=\"1024\" height=\"576\" data-id=\"4217\" src=\"https:\/\/cookinrio.com\/food\/wp-content\/uploads\/2024\/03\/terraco-do-chef-flavio-na-barra-parque-das-rosas2-1024x576.jpeg\" alt=\"\" class=\"wp-image-4217\" srcset=\"https:\/\/cookinrio.com\/food\/wp-content\/uploads\/2024\/03\/terraco-do-chef-flavio-na-barra-parque-das-rosas2-1024x576.jpeg 1024w, https:\/\/cookinrio.com\/food\/wp-content\/uploads\/2024\/03\/terraco-do-chef-flavio-na-barra-parque-das-rosas2-300x169.jpeg 300w, https:\/\/cookinrio.com\/food\/wp-content\/uploads\/2024\/03\/terraco-do-chef-flavio-na-barra-parque-das-rosas2-768x432.jpeg 768w, https:\/\/cookinrio.com\/food\/wp-content\/uploads\/2024\/03\/terraco-do-chef-flavio-na-barra-parque-das-rosas2-1536x864.jpeg 1536w, https:\/\/cookinrio.com\/food\/wp-content\/uploads\/2024\/03\/terraco-do-chef-flavio-na-barra-parque-das-rosas2.jpeg 1599w\" sizes=\"(max-width: 1024px) 100vw, 1024px\" \/><\/figure>\n\n\n\n<figure class=\"wp-block-image size-large\"><img loading=\"lazy\" decoding=\"async\" width=\"1024\" height=\"576\" data-id=\"4218\" src=\"https:\/\/cookinrio.com\/food\/wp-content\/uploads\/2024\/03\/terraco-do-chef-flavio-na-barra-parque-das-rosas3-1024x576.jpeg\" alt=\"\" class=\"wp-image-4218\" srcset=\"https:\/\/cookinrio.com\/food\/wp-content\/uploads\/2024\/03\/terraco-do-chef-flavio-na-barra-parque-das-rosas3-1024x576.jpeg 1024w, https:\/\/cookinrio.com\/food\/wp-content\/uploads\/2024\/03\/terraco-do-chef-flavio-na-barra-parque-das-rosas3-300x169.jpeg 300w, https:\/\/cookinrio.com\/food\/wp-content\/uploads\/2024\/03\/terraco-do-chef-flavio-na-barra-parque-das-rosas3-768x432.jpeg 768w, https:\/\/cookinrio.com\/food\/wp-content\/uploads\/2024\/03\/terraco-do-chef-flavio-na-barra-parque-das-rosas3-1536x864.jpeg 1536w, https:\/\/cookinrio.com\/food\/wp-content\/uploads\/2024\/03\/terraco-do-chef-flavio-na-barra-parque-das-rosas3.jpeg 1599w\" sizes=\"(max-width: 1024px) 100vw, 1024px\" \/><\/figure>\n<\/figure>\n\n\n\n<p><\/p>\n\n\n\n<div style=\"height:100px\" aria-hidden=\"true\" class=\"wp-block-spacer\"><\/div>\n\n\n\n<h3 class=\"wp-block-heading\">&nbsp;<\/h3>\n\n\n\n<h2 class=\"wp-block-heading\">Cook in Rio descritivo<\/h2>\n\n\n\n<p>texto em ingl\u00eas para copiar e colar:<\/p>\n\n\n\n<h2 class=\"wp-block-heading\">Explore Brazilian flavors in a half-day cooking class<\/h2>\n\n\n\n<p><strong>A 3-for-1 experience: Cook, eat and drink while you go deep into Brazilian drinks, recipes and culture!<\/strong><br><br>Discover the vibrant heart of Brazil not through its streets, but its flavors! Dive into a unique half-day cooking class in Rio de Janeiro, tailored for the adventurous traveler. Master seven authentic Brazilian recipes and savor caipirinha cocktails, all while immersing yourself in the rich tapestry of our culture. This isn&#8217;t just a class \u2014 it&#8217;s an experience. Laugh, learn, and sip cocktails in a lively kitchen setting, surrounded by the rhythms and aromas of Brazil. Move beyond the restaurant scene and truly taste the soul of Rio. Join us for an unforgettable culinary journey!<\/p>\n\n\n\n<ul class=\"wp-block-list\">\n<li>Learn to cook it all while holding a caipirinha.<\/li>\n\n\n\n<li>English spoken.<\/li>\n\n\n\n<li>Food and drinks included.<\/li>\n\n\n\n<li>Tasty recipes with ingredients you can find world-wide!<\/li>\n<\/ul>\n\n\n\n<p>&nbsp;&#8211; &#8211; &#8211; Your menu options &#8211; &#8211; &#8211;<\/p>\n\n\n\n<p>9 Recipe<strong> Fish Moqueca <\/strong>class menu:<\/p>\n\n\n\n<ol class=\"wp-block-list\">\n<li>Main dish: Learn fish moqueca<\/li>\n\n\n\n<li>Main dish: White garlic rice<\/li>\n\n\n\n<li>Main dish: Banana toasted farofa<\/li>\n\n\n\n<li>Appetizer: P\u00e3o de Queijo (Brazilian cheese bread)<\/li>\n\n\n\n<li>Appetizer: Tapioca pancake with cheese and pepper jam<\/li>\n\n\n\n<li>Appetizer: Cassava sticks<\/li>\n\n\n\n<li>Appetizer: Butter Cassava&nbsp;<\/li>\n\n\n\n<li>Cocktail: Lime caipis (all you-can-drink)<\/li>\n\n\n\n<li>Dessert: Brigadeiro (Brazilian caramel-fudge)<\/li>\n<\/ol>\n\n\n\n<p>&#8211; &#8211; &#8211;&nbsp; or choose our steak menu &#8211; &#8211; &#8211;<\/p>\n\n\n\n<p>9 Recipe <strong>Picanha steak <\/strong>class menu:<\/p>\n\n\n\n<ol class=\"wp-block-list\">\n<li>Main dish: Picanha steak<\/li>\n\n\n\n<li>Main dish: Brazilian-style Vinaigrette sauce<\/li>\n\n\n\n<li>Main dish: White garlic rice<\/li>\n\n\n\n<li>Main dish: Banana toasted farofa<\/li>\n\n\n\n<li>Appetizer: P\u00e3o de Queijo (Brazilian cheese bread)<\/li>\n\n\n\n<li>Appetizer: Tapioca pancake with cheese and pepper jam<\/li>\n\n\n\n<li>Appetizer: Butter Cassava&nbsp;<\/li>\n\n\n\n<li>Cocktail: Lime caipis (all you-can-drink)<\/li>\n\n\n\n<li>Dessert: Brigadeiro (Brazilian caramel-fudge)<\/li>\n<\/ol>\n\n\n\n<p>&#8211; &#8211; &#8211;&nbsp; or choose our vegetarian menu &#8211; &#8211; &#8211;<\/p>\n\n\n\n<p>9 Recipe <strong>Veggie Moqueca <\/strong>class menu:<\/p>\n\n\n\n<ol class=\"wp-block-list\">\n<li>Learn veggie moqueca (fruits and nuts in place of fish)<\/li>\n\n\n\n<li>White garlic rice,<\/li>\n\n\n\n<li>Banana toasted farofa,<\/li>\n\n\n\n<li>P\u00e3o de Queijo (Brazilian cheese bread)<\/li>\n\n\n\n<li>Tapioca pancake with cheese and pepper jam<\/li>\n\n\n\n<li>Flambeed okra w caramelized onions<\/li>\n\n\n\n<li>Cassava sticks with pepper jam<\/li>\n\n\n\n<li>Lime caipis (all you-can-drink)<\/li>\n\n\n\n<li>Brigadeiro (Brazilian caramel-fudge)<\/li>\n<\/ol>\n\n\n\n<div style=\"height:100px\" aria-hidden=\"true\" class=\"wp-block-spacer\"><\/div>\n\n\n\n<h2 class=\"wp-block-heading\">Supermarket tour<\/h2>\n\n\n\n<p>1 Hour de tour of a Gourmet Brazilian supermarket (Zona Sul)<\/p>\n\n\n\n<div class=\"wp-block-columns is-layout-flex wp-container-core-columns-is-layout-28f84493 wp-block-columns-is-layout-flex\">\n<div class=\"wp-block-column is-layout-flow wp-block-column-is-layout-flow\" style=\"flex-basis:33.33%\">\n<p>Oferecemos agora um tour de supermercado antes da aula, onde durante quase uma hora nosso chef mostrar\u00e1 dezenas de produtos da gastronomia brasileira que valem a pena provar e trazer de presente para amigos, familiares e colegas.<br>O passeio tem pre\u00e7o balc\u00e3o para o turista de US$ 30 por pessoa.<\/p>\n<\/div>\n\n\n\n<div class=\"wp-block-column is-layout-flow wp-block-column-is-layout-flow\" style=\"flex-basis:66.66%\">\n<figure class=\"wp-block-embed is-type-video is-provider-youtube wp-block-embed-youtube wp-embed-aspect-16-9 wp-has-aspect-ratio\"><div class=\"wp-block-embed__wrapper\">\n<div class=\"ast-oembed-container\" style=\"height: 100%;\"><iframe title=\"Supermarket tour in Rio de Janeiro\" width=\"500\" height=\"281\" src=\"https:\/\/www.youtube.com\/embed\/gvZRz4__3VM?feature=oembed\" frameborder=\"0\" allow=\"accelerometer; autoplay; clipboard-write; encrypted-media; gyroscope; picture-in-picture; web-share\" referrerpolicy=\"strict-origin-when-cross-origin\" allowfullscreen><\/iframe><\/div>\n<\/div><\/figure>\n<\/div>\n<\/div>\n\n\n\n<p><\/p>\n\n\n\n<p><\/p>\n\n\n\n<h2 class=\"wp-block-heading\">Nosso logo<\/h2>\n\n\n\n<figure class=\"wp-block-image size-large is-resized\"><img loading=\"lazy\" decoding=\"async\" width=\"1024\" height=\"523\" src=\"https:\/\/cookinrio.com\/food\/wp-content\/uploads\/2023\/08\/COOKINRIO-LOGO-LARGE-nobg-1-1024x523.png\" alt=\"\" class=\"wp-image-1566\" style=\"width:309px;height:158px\" srcset=\"https:\/\/cookinrio.com\/food\/wp-content\/uploads\/2023\/08\/COOKINRIO-LOGO-LARGE-nobg-1-1024x523.png 1024w, https:\/\/cookinrio.com\/food\/wp-content\/uploads\/2023\/08\/COOKINRIO-LOGO-LARGE-nobg-1-300x153.png 300w, https:\/\/cookinrio.com\/food\/wp-content\/uploads\/2023\/08\/COOKINRIO-LOGO-LARGE-nobg-1-768x392.png 768w, https:\/\/cookinrio.com\/food\/wp-content\/uploads\/2023\/08\/COOKINRIO-LOGO-LARGE-nobg-1-1536x784.png 1536w, https:\/\/cookinrio.com\/food\/wp-content\/uploads\/2023\/08\/COOKINRIO-LOGO-LARGE-nobg-1-2048x1045.png 2048w\" sizes=\"(max-width: 1024px) 100vw, 1024px\" \/><\/figure>\n\n\n\n<div style=\"height:100px\" aria-hidden=\"true\" class=\"wp-block-spacer\"><\/div>\n\n\n\n<h2 class=\"wp-block-heading\">Fotos divulga\u00e7\u00e3o <\/h2>\n\n\n\n<h4 class=\"wp-block-heading\">(<a href=\"https:\/\/u.pcloud.link\/publink\/show?code=kZwq1aVZV3pw8X0KNVLMpsQ2il965hL7aaQ7\">click aqui para acessar fotos em alta-res na  nuvem<\/a>)<\/h4>\n\n\n\n<p>click na imagem para baixar em alta resolu\u00e7\u00e3o<\/p>\n\n\n\n<figure class=\"wp-block-gallery has-nested-images columns-default is-cropped wp-block-gallery-8 is-layout-flex wp-block-gallery-is-layout-flex\">\n<figure class=\"wp-block-image size-large\"><a href=\"https:\/\/cookinrio.com\/food\/wp-content\/uploads\/2023\/08\/newchef-showing-on-avaide-1280w.png\" target=\"_blank\" rel=\"noopener\"><img loading=\"lazy\" decoding=\"async\" width=\"1024\" height=\"1024\" data-id=\"1544\" src=\"https:\/\/cookinrio.com\/food\/wp-content\/uploads\/2023\/08\/newchef-showing-on-avaide-1280w-1024x1024.png\" alt=\"\" class=\"wp-image-1544\" srcset=\"https:\/\/cookinrio.com\/food\/wp-content\/uploads\/2023\/08\/newchef-showing-on-avaide-1280w-1024x1024.png 1024w, https:\/\/cookinrio.com\/food\/wp-content\/uploads\/2023\/08\/newchef-showing-on-avaide-1280w-300x300.png 300w, https:\/\/cookinrio.com\/food\/wp-content\/uploads\/2023\/08\/newchef-showing-on-avaide-1280w-150x150.png 150w, https:\/\/cookinrio.com\/food\/wp-content\/uploads\/2023\/08\/newchef-showing-on-avaide-1280w-768x768.png 768w, https:\/\/cookinrio.com\/food\/wp-content\/uploads\/2023\/08\/newchef-showing-on-avaide-1280w.png 1280w\" sizes=\"(max-width: 1024px) 100vw, 1024px\" \/><\/a><\/figure>\n\n\n\n<figure class=\"wp-block-image size-large\"><a href=\"https:\/\/cookinrio.com\/food\/wp-content\/uploads\/2023\/08\/aula-no-estudio-cook-in-rio-na-visconde-01-2000w-1.jpg\" target=\"_blank\" rel=\"noopener\"><img loading=\"lazy\" decoding=\"async\" width=\"1024\" height=\"576\" data-id=\"1540\" src=\"https:\/\/cookinrio.com\/food\/wp-content\/uploads\/2023\/08\/aula-no-estudio-cook-in-rio-na-visconde-01-2000w-1-1024x576.jpg\" alt=\"\" class=\"wp-image-1540\" srcset=\"https:\/\/cookinrio.com\/food\/wp-content\/uploads\/2023\/08\/aula-no-estudio-cook-in-rio-na-visconde-01-2000w-1-1024x576.jpg 1024w, https:\/\/cookinrio.com\/food\/wp-content\/uploads\/2023\/08\/aula-no-estudio-cook-in-rio-na-visconde-01-2000w-1-300x169.jpg 300w, https:\/\/cookinrio.com\/food\/wp-content\/uploads\/2023\/08\/aula-no-estudio-cook-in-rio-na-visconde-01-2000w-1-768x432.jpg 768w, https:\/\/cookinrio.com\/food\/wp-content\/uploads\/2023\/08\/aula-no-estudio-cook-in-rio-na-visconde-01-2000w-1-1536x864.jpg 1536w, https:\/\/cookinrio.com\/food\/wp-content\/uploads\/2023\/08\/aula-no-estudio-cook-in-rio-na-visconde-01-2000w-1.jpg 2000w\" sizes=\"(max-width: 1024px) 100vw, 1024px\" \/><\/a><\/figure>\n\n\n\n<figure class=\"wp-block-image size-large\"><a href=\"https:\/\/cookinrio.com\/food\/wp-content\/uploads\/2023\/08\/aula-no-estudio-cook-in-rio-na-visconde-04-1.jpeg\" target=\"_blank\" rel=\"noopener\"><img loading=\"lazy\" decoding=\"async\" width=\"1024\" height=\"576\" data-id=\"1538\" src=\"https:\/\/cookinrio.com\/food\/wp-content\/uploads\/2023\/08\/aula-no-estudio-cook-in-rio-na-visconde-04-1-1024x576.jpeg\" alt=\"\" class=\"wp-image-1538\" srcset=\"https:\/\/cookinrio.com\/food\/wp-content\/uploads\/2023\/08\/aula-no-estudio-cook-in-rio-na-visconde-04-1-1024x576.jpeg 1024w, https:\/\/cookinrio.com\/food\/wp-content\/uploads\/2023\/08\/aula-no-estudio-cook-in-rio-na-visconde-04-1-300x169.jpeg 300w, https:\/\/cookinrio.com\/food\/wp-content\/uploads\/2023\/08\/aula-no-estudio-cook-in-rio-na-visconde-04-1-768x432.jpeg 768w, https:\/\/cookinrio.com\/food\/wp-content\/uploads\/2023\/08\/aula-no-estudio-cook-in-rio-na-visconde-04-1-1536x864.jpeg 1536w, https:\/\/cookinrio.com\/food\/wp-content\/uploads\/2023\/08\/aula-no-estudio-cook-in-rio-na-visconde-04-1.jpeg 1600w\" sizes=\"(max-width: 1024px) 100vw, 1024px\" \/><\/a><\/figure>\n\n\n\n<figure class=\"wp-block-image size-large\"><a href=\"https:\/\/cookinrio.com\/food\/wp-content\/uploads\/2023\/08\/moquecapeixealta.jpg\" target=\"_blank\" rel=\"noopener\"><img loading=\"lazy\" decoding=\"async\" width=\"1000\" height=\"665\" data-id=\"1534\" src=\"https:\/\/cookinrio.com\/food\/wp-content\/uploads\/2023\/08\/moquecapeixealta.jpg\" alt=\"\" class=\"wp-image-1534\" srcset=\"https:\/\/cookinrio.com\/food\/wp-content\/uploads\/2023\/08\/moquecapeixealta.jpg 1000w, https:\/\/cookinrio.com\/food\/wp-content\/uploads\/2023\/08\/moquecapeixealta-300x200.jpg 300w, https:\/\/cookinrio.com\/food\/wp-content\/uploads\/2023\/08\/moquecapeixealta-768x511.jpg 768w\" sizes=\"(max-width: 1000px) 100vw, 1000px\" \/><\/a><\/figure>\n\n\n\n<figure class=\"wp-block-image size-large\"><a href=\"https:\/\/cookinrio.com\/food\/wp-content\/uploads\/2023\/08\/IMG_3067-1280w-1.jpg\" target=\"_blank\" rel=\"noopener\"><img loading=\"lazy\" decoding=\"async\" width=\"1024\" height=\"569\" data-id=\"1536\" src=\"https:\/\/cookinrio.com\/food\/wp-content\/uploads\/2023\/08\/IMG_3067-1280w-1-1024x569.jpg\" alt=\"\" class=\"wp-image-1536\" srcset=\"https:\/\/cookinrio.com\/food\/wp-content\/uploads\/2023\/08\/IMG_3067-1280w-1-1024x569.jpg 1024w, https:\/\/cookinrio.com\/food\/wp-content\/uploads\/2023\/08\/IMG_3067-1280w-1-300x167.jpg 300w, https:\/\/cookinrio.com\/food\/wp-content\/uploads\/2023\/08\/IMG_3067-1280w-1-768x427.jpg 768w, https:\/\/cookinrio.com\/food\/wp-content\/uploads\/2023\/08\/IMG_3067-1280w-1.jpg 1280w\" sizes=\"(max-width: 1024px) 100vw, 1024px\" \/><\/a><\/figure>\n\n\n\n<figure class=\"wp-block-image size-large\"><a href=\"https:\/\/cookinrio.com\/food\/wp-content\/uploads\/2023\/08\/shutterstock_1903614613-1200w.jpg\" target=\"_blank\" rel=\"noopener\"><img loading=\"lazy\" decoding=\"async\" width=\"1024\" height=\"836\" data-id=\"1466\" src=\"https:\/\/cookinrio.com\/food\/wp-content\/uploads\/2023\/08\/shutterstock_1903614613-1200w-1024x836.jpg\" alt=\"\" class=\"wp-image-1466\" srcset=\"https:\/\/cookinrio.com\/food\/wp-content\/uploads\/2023\/08\/shutterstock_1903614613-1200w-1024x836.jpg 1024w, https:\/\/cookinrio.com\/food\/wp-content\/uploads\/2023\/08\/shutterstock_1903614613-1200w-300x245.jpg 300w, https:\/\/cookinrio.com\/food\/wp-content\/uploads\/2023\/08\/shutterstock_1903614613-1200w-768x627.jpg 768w, https:\/\/cookinrio.com\/food\/wp-content\/uploads\/2023\/08\/shutterstock_1903614613-1200w.jpg 1200w\" sizes=\"(max-width: 1024px) 100vw, 1024px\" \/><\/a><\/figure>\n\n\n\n<figure class=\"wp-block-image size-large\"><a href=\"https:\/\/cookinrio.com\/food\/wp-content\/uploads\/2023\/08\/quiabo-assado-1280w-1.jpg\" target=\"_blank\" rel=\"noopener\"><img loading=\"lazy\" decoding=\"async\" width=\"1024\" height=\"684\" data-id=\"1537\" src=\"https:\/\/cookinrio.com\/food\/wp-content\/uploads\/2023\/08\/quiabo-assado-1280w-1-1024x684.jpg\" alt=\"\" class=\"wp-image-1537\" srcset=\"https:\/\/cookinrio.com\/food\/wp-content\/uploads\/2023\/08\/quiabo-assado-1280w-1-1024x684.jpg 1024w, https:\/\/cookinrio.com\/food\/wp-content\/uploads\/2023\/08\/quiabo-assado-1280w-1-300x200.jpg 300w, https:\/\/cookinrio.com\/food\/wp-content\/uploads\/2023\/08\/quiabo-assado-1280w-1-768x513.jpg 768w, https:\/\/cookinrio.com\/food\/wp-content\/uploads\/2023\/08\/quiabo-assado-1280w-1.jpg 1280w\" sizes=\"(max-width: 1024px) 100vw, 1024px\" \/><\/a><\/figure>\n\n\n\n<figure class=\"wp-block-image size-large\"><a href=\"https:\/\/cookinrio.com\/food\/wp-content\/uploads\/2023\/08\/tapioca-2.jpg\" target=\"_blank\" rel=\"noopener\"><img decoding=\"async\" data-id=\"1539\" src=\"https:\/\/cookinrio.com\/food\/wp-content\/uploads\/2023\/08\/tapioca-2.jpg\" alt=\"\" class=\"wp-image-1539\"\/><\/a><\/figure>\n\n\n\n<figure class=\"wp-block-image size-large\"><a href=\"https:\/\/cookinrio.com\/food\/wp-content\/uploads\/2023\/08\/aula-no-estudio-cook-in-rio-na-visconde-04-1.jpeg\" target=\"_blank\" rel=\"noopener\"><img loading=\"lazy\" decoding=\"async\" width=\"1024\" height=\"576\" data-id=\"1538\" src=\"https:\/\/cookinrio.com\/food\/wp-content\/uploads\/2023\/08\/aula-no-estudio-cook-in-rio-na-visconde-04-1-1024x576.jpeg\" alt=\"new students are learning how to make juice and some shots\" class=\"wp-image-1538\" srcset=\"https:\/\/cookinrio.com\/food\/wp-content\/uploads\/2023\/08\/aula-no-estudio-cook-in-rio-na-visconde-04-1-1024x576.jpeg 1024w, https:\/\/cookinrio.com\/food\/wp-content\/uploads\/2023\/08\/aula-no-estudio-cook-in-rio-na-visconde-04-1-300x169.jpeg 300w, https:\/\/cookinrio.com\/food\/wp-content\/uploads\/2023\/08\/aula-no-estudio-cook-in-rio-na-visconde-04-1-768x432.jpeg 768w, https:\/\/cookinrio.com\/food\/wp-content\/uploads\/2023\/08\/aula-no-estudio-cook-in-rio-na-visconde-04-1-1536x864.jpeg 1536w, https:\/\/cookinrio.com\/food\/wp-content\/uploads\/2023\/08\/aula-no-estudio-cook-in-rio-na-visconde-04-1.jpeg 1600w\" sizes=\"(max-width: 1024px) 100vw, 1024px\" \/><\/a><\/figure>\n\n\n\n<figure class=\"wp-block-image size-large\"><a href=\"https:\/\/cookinrio.com\/food\/wp-content\/uploads\/2023\/08\/aula-no-estudio-cook-in-rio-na-visconde-03-2.jpeg\" target=\"_blank\" rel=\"noopener\"><img loading=\"lazy\" decoding=\"async\" width=\"1024\" height=\"576\" data-id=\"1541\" src=\"https:\/\/cookinrio.com\/food\/wp-content\/uploads\/2023\/08\/aula-no-estudio-cook-in-rio-na-visconde-03-2-1024x576.jpeg\" alt=\"\" class=\"wp-image-1541\" srcset=\"https:\/\/cookinrio.com\/food\/wp-content\/uploads\/2023\/08\/aula-no-estudio-cook-in-rio-na-visconde-03-2-1024x576.jpeg 1024w, https:\/\/cookinrio.com\/food\/wp-content\/uploads\/2023\/08\/aula-no-estudio-cook-in-rio-na-visconde-03-2-300x169.jpeg 300w, https:\/\/cookinrio.com\/food\/wp-content\/uploads\/2023\/08\/aula-no-estudio-cook-in-rio-na-visconde-03-2-768x432.jpeg 768w, https:\/\/cookinrio.com\/food\/wp-content\/uploads\/2023\/08\/aula-no-estudio-cook-in-rio-na-visconde-03-2-1536x864.jpeg 1536w, https:\/\/cookinrio.com\/food\/wp-content\/uploads\/2023\/08\/aula-no-estudio-cook-in-rio-na-visconde-03-2.jpeg 1600w\" sizes=\"(max-width: 1024px) 100vw, 1024px\" \/><\/a><\/figure>\n<\/figure>\n\n\n\n<figure class=\"wp-block-gallery has-nested-images columns-default is-cropped wp-block-gallery-9 is-layout-flex wp-block-gallery-is-layout-flex\">\n<figure class=\"wp-block-image size-large\"><img loading=\"lazy\" decoding=\"async\" width=\"320\" height=\"213\" data-id=\"1494\" src=\"https:\/\/cookinrio.com\/food\/wp-content\/uploads\/2023\/08\/brigadeiro2-1200w-320w.jpg\" alt=\"\" class=\"wp-image-1494\" srcset=\"https:\/\/cookinrio.com\/food\/wp-content\/uploads\/2023\/08\/brigadeiro2-1200w-320w.jpg 320w, https:\/\/cookinrio.com\/food\/wp-content\/uploads\/2023\/08\/brigadeiro2-1200w-320w-300x200.jpg 300w\" sizes=\"(max-width: 320px) 100vw, 320px\" \/><\/figure>\n\n\n\n<figure class=\"wp-block-image size-full\"><img loading=\"lazy\" decoding=\"async\" width=\"320\" height=\"213\" data-id=\"1493\" src=\"https:\/\/cookinrio.com\/food\/wp-content\/uploads\/2023\/08\/aipimcozido-1200w-320w.jpg\" alt=\"\" class=\"wp-image-1493\" srcset=\"https:\/\/cookinrio.com\/food\/wp-content\/uploads\/2023\/08\/aipimcozido-1200w-320w.jpg 320w, https:\/\/cookinrio.com\/food\/wp-content\/uploads\/2023\/08\/aipimcozido-1200w-320w-300x200.jpg 300w\" sizes=\"(max-width: 320px) 100vw, 320px\" \/><\/figure>\n\n\n\n<figure class=\"wp-block-image size-large\"><img loading=\"lazy\" decoding=\"async\" width=\"320\" height=\"213\" data-id=\"1491\" src=\"https:\/\/cookinrio.com\/food\/wp-content\/uploads\/2023\/08\/caipi-1200w-320w.jpg\" alt=\"\" class=\"wp-image-1491\" srcset=\"https:\/\/cookinrio.com\/food\/wp-content\/uploads\/2023\/08\/caipi-1200w-320w.jpg 320w, https:\/\/cookinrio.com\/food\/wp-content\/uploads\/2023\/08\/caipi-1200w-320w-300x200.jpg 300w\" sizes=\"(max-width: 320px) 100vw, 320px\" \/><\/figure>\n\n\n\n<figure class=\"wp-block-image size-large\"><img loading=\"lazy\" decoding=\"async\" width=\"320\" height=\"213\" data-id=\"1475\" src=\"https:\/\/cookinrio.com\/food\/wp-content\/uploads\/2023\/08\/shutterstock_1297281754-1200w-320w.jpg\" alt=\"\" class=\"wp-image-1475\" srcset=\"https:\/\/cookinrio.com\/food\/wp-content\/uploads\/2023\/08\/shutterstock_1297281754-1200w-320w.jpg 320w, https:\/\/cookinrio.com\/food\/wp-content\/uploads\/2023\/08\/shutterstock_1297281754-1200w-320w-300x200.jpg 300w\" sizes=\"(max-width: 320px) 100vw, 320px\" \/><\/figure>\n\n\n\n<figure class=\"wp-block-image size-large\"><img loading=\"lazy\" decoding=\"async\" width=\"1024\" height=\"683\" data-id=\"1470\" src=\"https:\/\/cookinrio.com\/food\/wp-content\/uploads\/2023\/08\/picanha3-1200w-1024x683.jpg\" alt=\"\" class=\"wp-image-1470\" srcset=\"https:\/\/cookinrio.com\/food\/wp-content\/uploads\/2023\/08\/picanha3-1200w-1024x683.jpg 1024w, https:\/\/cookinrio.com\/food\/wp-content\/uploads\/2023\/08\/picanha3-1200w-300x200.jpg 300w, https:\/\/cookinrio.com\/food\/wp-content\/uploads\/2023\/08\/picanha3-1200w-768x512.jpg 768w, https:\/\/cookinrio.com\/food\/wp-content\/uploads\/2023\/08\/picanha3-1200w.jpg 1200w\" sizes=\"(max-width: 1024px) 100vw, 1024px\" \/><\/figure>\n\n\n\n<figure class=\"wp-block-image size-large\"><img loading=\"lazy\" decoding=\"async\" width=\"320\" height=\"213\" data-id=\"1474\" src=\"https:\/\/cookinrio.com\/food\/wp-content\/uploads\/2023\/08\/shutterstock_1297281742-1200w-320w.jpg\" alt=\"\" class=\"wp-image-1474\" srcset=\"https:\/\/cookinrio.com\/food\/wp-content\/uploads\/2023\/08\/shutterstock_1297281742-1200w-320w.jpg 320w, https:\/\/cookinrio.com\/food\/wp-content\/uploads\/2023\/08\/shutterstock_1297281742-1200w-320w-300x200.jpg 300w\" sizes=\"(max-width: 320px) 100vw, 320px\" \/><\/figure>\n\n\n\n<figure class=\"wp-block-image size-large\"><img loading=\"lazy\" decoding=\"async\" width=\"1024\" height=\"684\" data-id=\"1471\" src=\"https:\/\/cookinrio.com\/food\/wp-content\/uploads\/2023\/08\/caipi2-1200w-1024x684.jpg\" alt=\"\" class=\"wp-image-1471\" srcset=\"https:\/\/cookinrio.com\/food\/wp-content\/uploads\/2023\/08\/caipi2-1200w-1024x684.jpg 1024w, https:\/\/cookinrio.com\/food\/wp-content\/uploads\/2023\/08\/caipi2-1200w-300x200.jpg 300w, https:\/\/cookinrio.com\/food\/wp-content\/uploads\/2023\/08\/caipi2-1200w-768x513.jpg 768w, https:\/\/cookinrio.com\/food\/wp-content\/uploads\/2023\/08\/caipi2-1200w.jpg 1200w\" sizes=\"(max-width: 1024px) 100vw, 1024px\" \/><\/figure>\n\n\n\n<figure class=\"wp-block-image size-large\"><img loading=\"lazy\" decoding=\"async\" width=\"1024\" height=\"678\" data-id=\"1553\" src=\"https:\/\/cookinrio.com\/food\/wp-content\/uploads\/2023\/08\/group-caipirinhas-1024x678.jpg\" alt=\"\" class=\"wp-image-1553\" srcset=\"https:\/\/cookinrio.com\/food\/wp-content\/uploads\/2023\/08\/group-caipirinhas-1024x678.jpg 1024w, https:\/\/cookinrio.com\/food\/wp-content\/uploads\/2023\/08\/group-caipirinhas-300x199.jpg 300w, https:\/\/cookinrio.com\/food\/wp-content\/uploads\/2023\/08\/group-caipirinhas-768x509.jpg 768w, https:\/\/cookinrio.com\/food\/wp-content\/uploads\/2023\/08\/group-caipirinhas-1536x1018.jpg 1536w, https:\/\/cookinrio.com\/food\/wp-content\/uploads\/2023\/08\/group-caipirinhas.jpg 2000w\" sizes=\"(max-width: 1024px) 100vw, 1024px\" \/><\/figure>\n\n\n\n<figure class=\"wp-block-image size-large\"><img loading=\"lazy\" decoding=\"async\" width=\"1024\" height=\"678\" data-id=\"1550\" src=\"https:\/\/cookinrio.com\/food\/wp-content\/uploads\/2023\/08\/passion-caipis-1024x678.jpg\" alt=\"\" class=\"wp-image-1550\" srcset=\"https:\/\/cookinrio.com\/food\/wp-content\/uploads\/2023\/08\/passion-caipis-1024x678.jpg 1024w, https:\/\/cookinrio.com\/food\/wp-content\/uploads\/2023\/08\/passion-caipis-300x199.jpg 300w, https:\/\/cookinrio.com\/food\/wp-content\/uploads\/2023\/08\/passion-caipis-768x509.jpg 768w, https:\/\/cookinrio.com\/food\/wp-content\/uploads\/2023\/08\/passion-caipis-1536x1018.jpg 1536w, https:\/\/cookinrio.com\/food\/wp-content\/uploads\/2023\/08\/passion-caipis.jpg 2000w\" sizes=\"(max-width: 1024px) 100vw, 1024px\" \/><\/figure>\n\n\n\n<figure class=\"wp-block-image size-large\"><img loading=\"lazy\" decoding=\"async\" width=\"683\" height=\"1024\" data-id=\"1545\" src=\"https:\/\/cookinrio.com\/food\/wp-content\/uploads\/2023\/08\/newchef-showing-picanha-avaide2-1280w-683x1024.jpg\" alt=\"\" class=\"wp-image-1545\" srcset=\"https:\/\/cookinrio.com\/food\/wp-content\/uploads\/2023\/08\/newchef-showing-picanha-avaide2-1280w-683x1024.jpg 683w, https:\/\/cookinrio.com\/food\/wp-content\/uploads\/2023\/08\/newchef-showing-picanha-avaide2-1280w-200x300.jpg 200w, https:\/\/cookinrio.com\/food\/wp-content\/uploads\/2023\/08\/newchef-showing-picanha-avaide2-1280w-768x1152.jpg 768w, https:\/\/cookinrio.com\/food\/wp-content\/uploads\/2023\/08\/newchef-showing-picanha-avaide2-1280w-1024x1536.jpg 1024w, https:\/\/cookinrio.com\/food\/wp-content\/uploads\/2023\/08\/newchef-showing-picanha-avaide2-1280w.jpg 1280w\" sizes=\"(max-width: 683px) 100vw, 683px\" \/><\/figure>\n\n\n\n<figure class=\"wp-block-image size-large\"><img loading=\"lazy\" decoding=\"async\" width=\"1024\" height=\"682\" data-id=\"1568\" src=\"https:\/\/cookinrio.com\/food\/wp-content\/uploads\/2023\/08\/fried-manioc-aipim-frito-mandioca-1280w-1-1024x682.jpg\" alt=\"\" class=\"wp-image-1568\" srcset=\"https:\/\/cookinrio.com\/food\/wp-content\/uploads\/2023\/08\/fried-manioc-aipim-frito-mandioca-1280w-1-1024x682.jpg 1024w, https:\/\/cookinrio.com\/food\/wp-content\/uploads\/2023\/08\/fried-manioc-aipim-frito-mandioca-1280w-1-300x200.jpg 300w, https:\/\/cookinrio.com\/food\/wp-content\/uploads\/2023\/08\/fried-manioc-aipim-frito-mandioca-1280w-1-768x512.jpg 768w, https:\/\/cookinrio.com\/food\/wp-content\/uploads\/2023\/08\/fried-manioc-aipim-frito-mandioca-1280w-1.jpg 1280w\" sizes=\"(max-width: 1024px) 100vw, 1024px\" \/><\/figure>\n\n\n\n<figure class=\"wp-block-image size-large\"><img loading=\"lazy\" decoding=\"async\" width=\"1024\" height=\"683\" data-id=\"1548\" src=\"https:\/\/cookinrio.com\/food\/wp-content\/uploads\/2023\/08\/farofa-1024x683.jpg\" alt=\"\" class=\"wp-image-1548\" srcset=\"https:\/\/cookinrio.com\/food\/wp-content\/uploads\/2023\/08\/farofa-1024x683.jpg 1024w, https:\/\/cookinrio.com\/food\/wp-content\/uploads\/2023\/08\/farofa-300x200.jpg 300w, https:\/\/cookinrio.com\/food\/wp-content\/uploads\/2023\/08\/farofa-768x512.jpg 768w, https:\/\/cookinrio.com\/food\/wp-content\/uploads\/2023\/08\/farofa-1536x1024.jpg 1536w, https:\/\/cookinrio.com\/food\/wp-content\/uploads\/2023\/08\/farofa.jpg 1920w\" sizes=\"(max-width: 1024px) 100vw, 1024px\" \/><\/figure>\n\n\n\n<figure class=\"wp-block-image size-large\"><img loading=\"lazy\" decoding=\"async\" width=\"800\" height=\"533\" data-id=\"1551\" src=\"https:\/\/cookinrio.com\/food\/wp-content\/uploads\/2023\/08\/Slow-Cooker-Moqueca-Final-1.jpg\" alt=\"\" class=\"wp-image-1551\" srcset=\"https:\/\/cookinrio.com\/food\/wp-content\/uploads\/2023\/08\/Slow-Cooker-Moqueca-Final-1.jpg 800w, https:\/\/cookinrio.com\/food\/wp-content\/uploads\/2023\/08\/Slow-Cooker-Moqueca-Final-1-300x200.jpg 300w, https:\/\/cookinrio.com\/food\/wp-content\/uploads\/2023\/08\/Slow-Cooker-Moqueca-Final-1-768x512.jpg 768w\" sizes=\"(max-width: 800px) 100vw, 800px\" \/><\/figure>\n\n\n\n<figure class=\"wp-block-image size-large\"><img loading=\"lazy\" decoding=\"async\" width=\"1000\" height=\"665\" data-id=\"1534\" src=\"https:\/\/cookinrio.com\/food\/wp-content\/uploads\/2023\/08\/moquecapeixealta.jpg\" alt=\"\" class=\"wp-image-1534\" srcset=\"https:\/\/cookinrio.com\/food\/wp-content\/uploads\/2023\/08\/moquecapeixealta.jpg 1000w, https:\/\/cookinrio.com\/food\/wp-content\/uploads\/2023\/08\/moquecapeixealta-300x200.jpg 300w, https:\/\/cookinrio.com\/food\/wp-content\/uploads\/2023\/08\/moquecapeixealta-768x511.jpg 768w\" sizes=\"(max-width: 1000px) 100vw, 1000px\" \/><\/figure>\n<\/figure>\n\n\n\n<div class=\"wp-block-columns is-layout-flex wp-container-core-columns-is-layout-28f84493 wp-block-columns-is-layout-flex\">\n<div class=\"wp-block-column is-layout-flow wp-block-column-is-layout-flow\">\n<figure class=\"wp-block-image size-large is-resized\"><img loading=\"lazy\" decoding=\"async\" width=\"1024\" height=\"785\" src=\"https:\/\/cookinrio.com\/food\/wp-content\/uploads\/2024\/02\/paodequeijoaula-1024x785.jpg\" alt=\"\" class=\"wp-image-4172\" style=\"width:288px;height:auto\" srcset=\"https:\/\/cookinrio.com\/food\/wp-content\/uploads\/2024\/02\/paodequeijoaula-1024x785.jpg 1024w, https:\/\/cookinrio.com\/food\/wp-content\/uploads\/2024\/02\/paodequeijoaula-300x230.jpg 300w, https:\/\/cookinrio.com\/food\/wp-content\/uploads\/2024\/02\/paodequeijoaula-768x588.jpg 768w, https:\/\/cookinrio.com\/food\/wp-content\/uploads\/2024\/02\/paodequeijoaula.jpg 1411w\" sizes=\"(max-width: 1024px) 100vw, 1024px\" \/><\/figure>\n<\/div>\n\n\n\n<div class=\"wp-block-column is-layout-flow wp-block-column-is-layout-flow\">\n<figure class=\"wp-block-image size-large\"><img loading=\"lazy\" decoding=\"async\" width=\"576\" height=\"1024\" src=\"https:\/\/cookinrio.com\/food\/wp-content\/uploads\/2024\/02\/IMG-20240202-WA0041-576x1024.jpg\" alt=\"\" class=\"wp-image-4173\" srcset=\"https:\/\/cookinrio.com\/food\/wp-content\/uploads\/2024\/02\/IMG-20240202-WA0041-576x1024.jpg 576w, https:\/\/cookinrio.com\/food\/wp-content\/uploads\/2024\/02\/IMG-20240202-WA0041-169x300.jpg 169w, https:\/\/cookinrio.com\/food\/wp-content\/uploads\/2024\/02\/IMG-20240202-WA0041.jpg 720w\" sizes=\"(max-width: 576px) 100vw, 576px\" \/><\/figure>\n<\/div>\n\n\n\n<div class=\"wp-block-column is-layout-flow wp-block-column-is-layout-flow\">\n<figure class=\"wp-block-image size-large\"><img loading=\"lazy\" decoding=\"async\" width=\"576\" height=\"1024\" src=\"https:\/\/cookinrio.com\/food\/wp-content\/uploads\/2024\/02\/IMG-20240202-WA0035-576x1024.jpg\" alt=\"\" class=\"wp-image-4174\" srcset=\"https:\/\/cookinrio.com\/food\/wp-content\/uploads\/2024\/02\/IMG-20240202-WA0035-576x1024.jpg 576w, https:\/\/cookinrio.com\/food\/wp-content\/uploads\/2024\/02\/IMG-20240202-WA0035-169x300.jpg 169w, https:\/\/cookinrio.com\/food\/wp-content\/uploads\/2024\/02\/IMG-20240202-WA0035.jpg 720w\" sizes=\"(max-width: 576px) 100vw, 576px\" \/><\/figure>\n<\/div>\n<\/div>\n\n\n\n<div style=\"height:119px\" aria-hidden=\"true\" class=\"wp-block-spacer\"><\/div>\n\n\n\n<figure class=\"wp-block-embed is-type-video is-provider-youtube wp-block-embed-youtube wp-embed-aspect-16-9 wp-has-aspect-ratio\"><div class=\"wp-block-embed__wrapper\">\n<div class=\"ast-oembed-container\" style=\"height: 100%;\"><iframe title=\"Why a cooking class at Cook in Rio can help you understand Brazilian culture\" width=\"500\" height=\"281\" src=\"https:\/\/www.youtube.com\/embed\/E8woktm40LY?feature=oembed\" frameborder=\"0\" allow=\"accelerometer; autoplay; clipboard-write; encrypted-media; gyroscope; picture-in-picture; web-share\" referrerpolicy=\"strict-origin-when-cross-origin\" allowfullscreen><\/iframe><\/div>\n<\/div><\/figure>\n\n\n\n<div style=\"height:100px\" aria-hidden=\"true\" class=\"wp-block-spacer\"><\/div>\n\n\n\n<h2 class=\"wp-block-heading\">Souvenires<\/h2>\n\n\n\n<div class=\"wp-block-columns is-layout-flex wp-container-core-columns-is-layout-28f84493 wp-block-columns-is-layout-flex\">\n<div class=\"wp-block-column is-layout-flow wp-block-column-is-layout-flow\">\n<figure class=\"wp-block-image size-large is-resized\"><img loading=\"lazy\" decoding=\"async\" width=\"1024\" height=\"813\" src=\"https:\/\/cookinrio.com\/food\/wp-content\/uploads\/2023\/08\/cookbook-na-tabua2-1024x813.jpg\" alt=\"\" class=\"wp-image-1584\" style=\"width:438px;height:348px\" srcset=\"https:\/\/cookinrio.com\/food\/wp-content\/uploads\/2023\/08\/cookbook-na-tabua2-1024x813.jpg 1024w, https:\/\/cookinrio.com\/food\/wp-content\/uploads\/2023\/08\/cookbook-na-tabua2-300x238.jpg 300w, https:\/\/cookinrio.com\/food\/wp-content\/uploads\/2023\/08\/cookbook-na-tabua2-768x610.jpg 768w, https:\/\/cookinrio.com\/food\/wp-content\/uploads\/2023\/08\/cookbook-na-tabua2-1536x1220.jpg 1536w, https:\/\/cookinrio.com\/food\/wp-content\/uploads\/2023\/08\/cookbook-na-tabua2-2048x1626.jpg 2048w\" sizes=\"(max-width: 1024px) 100vw, 1024px\" \/><\/figure>\n\n\n\n<p>Pocket Cook Book (Free gift para todos alunos)<\/p>\n<\/div>\n\n\n\n<div class=\"wp-block-column is-layout-flow wp-block-column-is-layout-flow\">\n<figure class=\"wp-block-image size-full is-resized\"><img loading=\"lazy\" decoding=\"async\" width=\"548\" height=\"755\" src=\"https:\/\/cookinrio.com\/food\/wp-content\/uploads\/2023\/08\/avental-cook-in-rio.jpg\" alt=\"\" class=\"wp-image-1585\" style=\"width:262px;height:361px\" srcset=\"https:\/\/cookinrio.com\/food\/wp-content\/uploads\/2023\/08\/avental-cook-in-rio.jpg 548w, https:\/\/cookinrio.com\/food\/wp-content\/uploads\/2023\/08\/avental-cook-in-rio-218x300.jpg 218w\" sizes=\"(max-width: 548px) 100vw, 548px\" \/><\/figure>\n\n\n\n<p>Avental Cook in Rio R$60<\/p>\n<\/div>\n<\/div>\n\n\n\n<figure class=\"wp-block-image size-large\"><img loading=\"lazy\" decoding=\"async\" width=\"1024\" height=\"576\" src=\"https:\/\/cookinrio.com\/food\/wp-content\/uploads\/2024\/02\/WhatsApp-Image-2024-02-16-at-10.31.17-1024x576.jpeg\" alt=\"\" class=\"wp-image-4171\" srcset=\"https:\/\/cookinrio.com\/food\/wp-content\/uploads\/2024\/02\/WhatsApp-Image-2024-02-16-at-10.31.17-1024x576.jpeg 1024w, https:\/\/cookinrio.com\/food\/wp-content\/uploads\/2024\/02\/WhatsApp-Image-2024-02-16-at-10.31.17-300x169.jpeg 300w, https:\/\/cookinrio.com\/food\/wp-content\/uploads\/2024\/02\/WhatsApp-Image-2024-02-16-at-10.31.17-768x432.jpeg 768w, https:\/\/cookinrio.com\/food\/wp-content\/uploads\/2024\/02\/WhatsApp-Image-2024-02-16-at-10.31.17-1536x864.jpeg 1536w, https:\/\/cookinrio.com\/food\/wp-content\/uploads\/2024\/02\/WhatsApp-Image-2024-02-16-at-10.31.17-rotated.jpeg 1599w\" sizes=\"(max-width: 1024px) 100vw, 1024px\" \/><\/figure>\n\n\n\n<p class=\"has-text-align-center\">Socador de caipirinha com &#8220;Cook in Rio &#8211; Brasil&#8221; gravado a laser<\/p>\n\n\n\n<div style=\"height:100px\" aria-hidden=\"true\" class=\"wp-block-spacer\"><\/div>\n\n\n\n<p>Conhe\u00e7a nosso outro tour:<\/p>\n\n\n\n<figure class=\"wp-block-image size-full\"><img loading=\"lazy\" decoding=\"async\" width=\"300\" height=\"73\" src=\"https:\/\/cookinrio.com\/food\/wp-content\/uploads\/2023\/08\/fruitbrazil-logo-large.jpg\" alt=\"\" class=\"wp-image-1530\"\/><\/figure>\n\n\n\n<h3 class=\"wp-block-heading\">Fruit Brazil &#8211; Degusta\u00e7\u00e3o de frutas brasileiras<\/h3>\n\n\n\n<figure class=\"wp-block-image size-full\"><img loading=\"lazy\" decoding=\"async\" width=\"2560\" height=\"1440\" src=\"https:\/\/cookinrio.com\/food\/wp-content\/uploads\/2025\/01\/20241105_105506-scaled.jpg\" alt=\"\" class=\"wp-image-4258\" srcset=\"https:\/\/cookinrio.com\/food\/wp-content\/uploads\/2025\/01\/20241105_105506-scaled.jpg 2560w, https:\/\/cookinrio.com\/food\/wp-content\/uploads\/2025\/01\/20241105_105506-300x169.jpg 300w, https:\/\/cookinrio.com\/food\/wp-content\/uploads\/2025\/01\/20241105_105506-1024x576.jpg 1024w, https:\/\/cookinrio.com\/food\/wp-content\/uploads\/2025\/01\/20241105_105506-768x432.jpg 768w, https:\/\/cookinrio.com\/food\/wp-content\/uploads\/2025\/01\/20241105_105506-1536x864.jpg 1536w, https:\/\/cookinrio.com\/food\/wp-content\/uploads\/2025\/01\/20241105_105506-2048x1152.jpg 2048w\" sizes=\"(max-width: 2560px) 100vw, 2560px\" \/><\/figure>\n\n\n\n<figure class=\"wp-block-gallery has-nested-images columns-default is-cropped wp-block-gallery-10 is-layout-flex wp-block-gallery-is-layout-flex\">\n<figure class=\"wp-block-image size-large\"><img loading=\"lazy\" decoding=\"async\" width=\"576\" height=\"1024\" data-id=\"4260\" src=\"https:\/\/cookinrio.com\/food\/wp-content\/uploads\/2025\/01\/20241105_102547-576x1024.jpg\" alt=\"\" class=\"wp-image-4260\" srcset=\"https:\/\/cookinrio.com\/food\/wp-content\/uploads\/2025\/01\/20241105_102547-576x1024.jpg 576w, https:\/\/cookinrio.com\/food\/wp-content\/uploads\/2025\/01\/20241105_102547-169x300.jpg 169w, https:\/\/cookinrio.com\/food\/wp-content\/uploads\/2025\/01\/20241105_102547-768x1365.jpg 768w, https:\/\/cookinrio.com\/food\/wp-content\/uploads\/2025\/01\/20241105_102547-864x1536.jpg 864w, https:\/\/cookinrio.com\/food\/wp-content\/uploads\/2025\/01\/20241105_102547-1152x2048.jpg 1152w, https:\/\/cookinrio.com\/food\/wp-content\/uploads\/2025\/01\/20241105_102547-scaled.jpg 1440w\" sizes=\"(max-width: 576px) 100vw, 576px\" \/><\/figure>\n\n\n\n<figure class=\"wp-block-image size-large\"><img loading=\"lazy\" decoding=\"async\" width=\"576\" height=\"1024\" data-id=\"4262\" src=\"https:\/\/cookinrio.com\/food\/wp-content\/uploads\/2025\/01\/20241105_110047-576x1024.jpg\" alt=\"\" class=\"wp-image-4262\" srcset=\"https:\/\/cookinrio.com\/food\/wp-content\/uploads\/2025\/01\/20241105_110047-576x1024.jpg 576w, https:\/\/cookinrio.com\/food\/wp-content\/uploads\/2025\/01\/20241105_110047-169x300.jpg 169w, https:\/\/cookinrio.com\/food\/wp-content\/uploads\/2025\/01\/20241105_110047-768x1365.jpg 768w, https:\/\/cookinrio.com\/food\/wp-content\/uploads\/2025\/01\/20241105_110047-864x1536.jpg 864w, https:\/\/cookinrio.com\/food\/wp-content\/uploads\/2025\/01\/20241105_110047-1152x2048.jpg 1152w, https:\/\/cookinrio.com\/food\/wp-content\/uploads\/2025\/01\/20241105_110047-scaled.jpg 1440w\" sizes=\"(max-width: 576px) 100vw, 576px\" \/><\/figure>\n\n\n\n<figure class=\"wp-block-image size-large\"><img loading=\"lazy\" decoding=\"async\" width=\"576\" height=\"1024\" data-id=\"4263\" src=\"https:\/\/cookinrio.com\/food\/wp-content\/uploads\/2025\/01\/20241105_105633-576x1024.jpg\" alt=\"\" class=\"wp-image-4263\" srcset=\"https:\/\/cookinrio.com\/food\/wp-content\/uploads\/2025\/01\/20241105_105633-576x1024.jpg 576w, https:\/\/cookinrio.com\/food\/wp-content\/uploads\/2025\/01\/20241105_105633-169x300.jpg 169w, https:\/\/cookinrio.com\/food\/wp-content\/uploads\/2025\/01\/20241105_105633-768x1365.jpg 768w, https:\/\/cookinrio.com\/food\/wp-content\/uploads\/2025\/01\/20241105_105633-864x1536.jpg 864w, https:\/\/cookinrio.com\/food\/wp-content\/uploads\/2025\/01\/20241105_105633-1152x2048.jpg 1152w, https:\/\/cookinrio.com\/food\/wp-content\/uploads\/2025\/01\/20241105_105633-scaled.jpg 1440w\" sizes=\"(max-width: 576px) 100vw, 576px\" \/><\/figure>\n<\/figure>\n\n\n\n<p>Fruit Brazil is a fruit tasting tour of a farmers\u2019 market where participants get to taste, smell and learn about 18 exotic Brazilian fruits. Learn more at&nbsp;<a href=\"http:\/\/www.fruitbrazil.com\">www.fruitbrazil.com<\/a><\/p>\n\n\n\n<figure class=\"wp-block-embed is-type-video is-provider-youtube wp-block-embed-youtube wp-embed-aspect-16-9 wp-has-aspect-ratio\"><div class=\"wp-block-embed__wrapper\">\n<div class=\"ast-oembed-container\" style=\"height: 100%;\"><iframe title=\"fruit tasting tour in rio de janeiro for foodie tourists by Fruit Brazil\" width=\"500\" height=\"281\" src=\"https:\/\/www.youtube.com\/embed\/T8WgxyNfiyI?feature=oembed\" frameborder=\"0\" allow=\"accelerometer; autoplay; clipboard-write; encrypted-media; gyroscope; picture-in-picture; web-share\" referrerpolicy=\"strict-origin-when-cross-origin\" allowfullscreen><\/iframe><\/div>\n<\/div><figcaption class=\"wp-element-caption\">Explore 18 tropical fruits from Brazil in a 2-hour guided tour at an sensorial farmer&#8217;s market<\/figcaption><\/figure>\n\n\n\n<h3 class=\"wp-block-heading\">tarif\u00e1rio: <a href=\"https:\/\/docs.google.com\/document\/d\/1vxgBp7DJRtRxK9m1bk_rRhhOHU6L3mGAuKdDNA2AD0o\/edit?usp=sharing\" target=\"_blank\" rel=\"noreferrer noopener\">2025 Fruit Tasting em portugu\u00eas<\/a><\/h3>\n","protected":false},"excerpt":{"rendered":"<p>Sua ag\u00eancia atende turistas estrangeiros,casais, fam\u00edlias, grupos que querem ter uma experi\u00eancia gastron\u00f4mica diferente? O Cook in Rio proporciona uma divers\u00e3o culin\u00e1ria numa cozinha com ingredientes e receitas brasileiras, criando uma imers\u00e3o cultural atrav\u00e9s da comida. Durante tr\u00eas a quatro horas seus clientes ir\u00e3o aprender a fazer caipirinhas, algumas entradinhas brasileiras, como aipim frito e &hellip;<\/p>\n<p class=\"read-more\"> <a class=\"\" href=\"https:\/\/cookinrio.com\/food\/about-cook-rio-de-janeiro\/trade-2\/trade\/\"> <span class=\"screen-reader-text\">Tarif\u00e1rio e conte\u00fado da nossa experi\u00eancia culin\u00e1ria<\/span> Read More &raquo;<\/a><\/p>\n","protected":false},"author":1,"featured_media":0,"parent":1406,"menu_order":0,"comment_status":"closed","ping_status":"closed","template":"","meta":{"site-sidebar-layout":"default","site-content-layout":"","ast-site-content-layout":"default","site-content-style":"default","site-sidebar-style":"default","ast-global-header-display":"","ast-banner-title-visibility":"","ast-main-header-display":"","ast-hfb-above-header-display":"","ast-hfb-below-header-display":"","ast-hfb-mobile-header-display":"","site-post-title":"","ast-breadcrumbs-content":"","ast-featured-img":"","footer-sml-layout":"","theme-transparent-header-meta":"","adv-header-id-meta":"","stick-header-meta":"","header-above-stick-meta":"","header-main-stick-meta":"","header-below-stick-meta":"","astra-migrate-meta-layouts":"set","footnotes":""},"class_list":["post-9","page","type-page","status-publish","hentry"],"yoast_head":"<!-- This site is optimized with the Yoast SEO plugin v25.5 - https:\/\/yoast.com\/wordpress\/plugins\/seo\/ -->\n<title>Tarif\u00e1rio e conte\u00fado da nossa experi\u00eancia culin\u00e1ria -<\/title>\n<meta name=\"description\" content=\"Cook in Rio provides culinary fun in a kitchen with Brazilian ingredients and recipes, creating a cultural immersion through food.\" \/>\n<meta name=\"robots\" content=\"noindex, follow\" \/>\n<meta property=\"og:locale\" content=\"en_US\" \/>\n<meta property=\"og:type\" content=\"article\" \/>\n<meta property=\"og:title\" content=\"Tarif\u00e1rio e conte\u00fado da nossa experi\u00eancia culin\u00e1ria -\" \/>\n<meta property=\"og:description\" content=\"Cook in Rio provides culinary fun in a kitchen with Brazilian ingredients and recipes, creating a cultural immersion through food.\" \/>\n<meta property=\"og:url\" content=\"https:\/\/cookinrio.com\/food\/about-cook-rio-de-janeiro\/trade-2\/trade\/\" \/>\n<meta property=\"article:publisher\" content=\"https:\/\/www.facebook.com\/cookinrio\/\" \/>\n<meta property=\"article:modified_time\" content=\"2025-01-23T15:02:41+00:00\" \/>\n<meta property=\"og:image\" content=\"https:\/\/cookinrio.com\/food\/wp-content\/uploads\/2023\/08\/TarifarioCookinrio2016-pt-cmyk.jpg\" \/>\n\t<meta property=\"og:image:width\" content=\"300\" \/>\n\t<meta property=\"og:image:height\" content=\"421\" \/>\n\t<meta property=\"og:image:type\" content=\"image\/jpeg\" \/>\n<meta name=\"twitter:card\" content=\"summary_large_image\" \/>\n<meta name=\"twitter:label1\" content=\"Est. reading time\" \/>\n\t<meta name=\"twitter:data1\" content=\"15 minutes\" \/>\n<script type=\"application\/ld+json\" class=\"yoast-schema-graph\">{\"@context\":\"https:\/\/schema.org\",\"@graph\":[{\"@type\":\"WebPage\",\"@id\":\"https:\/\/cookinrio.com\/food\/about-cook-rio-de-janeiro\/trade-2\/trade\/\",\"url\":\"https:\/\/cookinrio.com\/food\/about-cook-rio-de-janeiro\/trade-2\/trade\/\",\"name\":\"Tarif\u00e1rio e conte\u00fado da nossa experi\u00eancia culin\u00e1ria -\",\"isPartOf\":{\"@id\":\"https:\/\/cookinrio.com\/food\/#website\"},\"primaryImageOfPage\":{\"@id\":\"https:\/\/cookinrio.com\/food\/about-cook-rio-de-janeiro\/trade-2\/trade\/#primaryimage\"},\"image\":{\"@id\":\"https:\/\/cookinrio.com\/food\/about-cook-rio-de-janeiro\/trade-2\/trade\/#primaryimage\"},\"thumbnailUrl\":\"https:\/\/cookinrio.com\/food\/wp-content\/uploads\/2023\/08\/TarifarioCookinrio2016-pt-cmyk.jpg\",\"datePublished\":\"2023-04-05T13:32:37+00:00\",\"dateModified\":\"2025-01-23T15:02:41+00:00\",\"description\":\"Cook in Rio provides culinary fun in a kitchen with Brazilian ingredients and recipes, creating a cultural immersion through food.\",\"breadcrumb\":{\"@id\":\"https:\/\/cookinrio.com\/food\/about-cook-rio-de-janeiro\/trade-2\/trade\/#breadcrumb\"},\"inLanguage\":\"en-US\",\"potentialAction\":[{\"@type\":\"ReadAction\",\"target\":[\"https:\/\/cookinrio.com\/food\/about-cook-rio-de-janeiro\/trade-2\/trade\/\"]}]},{\"@type\":\"ImageObject\",\"inLanguage\":\"en-US\",\"@id\":\"https:\/\/cookinrio.com\/food\/about-cook-rio-de-janeiro\/trade-2\/trade\/#primaryimage\",\"url\":\"https:\/\/cookinrio.com\/food\/wp-content\/uploads\/2023\/08\/TarifarioCookinrio2016-pt-cmyk.jpg\",\"contentUrl\":\"https:\/\/cookinrio.com\/food\/wp-content\/uploads\/2023\/08\/TarifarioCookinrio2016-pt-cmyk.jpg\",\"width\":300,\"height\":421,\"caption\":\"cookin menu brochure\"},{\"@type\":\"BreadcrumbList\",\"@id\":\"https:\/\/cookinrio.com\/food\/about-cook-rio-de-janeiro\/trade-2\/trade\/#breadcrumb\",\"itemListElement\":[{\"@type\":\"ListItem\",\"position\":1,\"name\":\"Home\",\"item\":\"https:\/\/cookinrio.com\/food\/\"},{\"@type\":\"ListItem\",\"position\":2,\"name\":\"About Cook in Rio\",\"item\":\"https:\/\/cookinrio.com\/food\/about-cook-rio-de-janeiro\/\"},{\"@type\":\"ListItem\",\"position\":3,\"name\":\"Work with us\",\"item\":\"https:\/\/cookinrio.com\/food\/about-cook-rio-de-janeiro\/trade-2\/\"},{\"@type\":\"ListItem\",\"position\":4,\"name\":\"Tarif\u00e1rio e conte\u00fado da nossa experi\u00eancia culin\u00e1ria\"}]},{\"@type\":\"WebSite\",\"@id\":\"https:\/\/cookinrio.com\/food\/#website\",\"url\":\"https:\/\/cookinrio.com\/food\/\",\"name\":\"Cook in Rio\",\"description\":\"Travel Food Tips For Rio de Janeiro and Brazil\",\"publisher\":{\"@id\":\"https:\/\/cookinrio.com\/food\/#organization\"},\"potentialAction\":[{\"@type\":\"SearchAction\",\"target\":{\"@type\":\"EntryPoint\",\"urlTemplate\":\"https:\/\/cookinrio.com\/food\/?s={search_term_string}\"},\"query-input\":{\"@type\":\"PropertyValueSpecification\",\"valueRequired\":true,\"valueName\":\"search_term_string\"}}],\"inLanguage\":\"en-US\"},{\"@type\":\"Organization\",\"@id\":\"https:\/\/cookinrio.com\/food\/#organization\",\"name\":\"Cook in Rio Brazilian cooking classes\",\"url\":\"https:\/\/cookinrio.com\/food\/\",\"logo\":{\"@type\":\"ImageObject\",\"inLanguage\":\"en-US\",\"@id\":\"https:\/\/cookinrio.com\/food\/#\/schema\/logo\/image\/\",\"url\":\"https:\/\/cookinrio.com\/food\/wp-content\/uploads\/2023\/08\/COOKINRIO-LOGO-LARGE-nobg-scaled.webp\",\"contentUrl\":\"https:\/\/cookinrio.com\/food\/wp-content\/uploads\/2023\/08\/COOKINRIO-LOGO-LARGE-nobg-scaled.webp\",\"width\":2560,\"height\":1307,\"caption\":\"Cook in Rio Brazilian cooking classes\"},\"image\":{\"@id\":\"https:\/\/cookinrio.com\/food\/#\/schema\/logo\/image\/\"},\"sameAs\":[\"https:\/\/www.facebook.com\/cookinrio\/\",\"https:\/\/www.instagram.com\/cookinrio\/\"]}]}<\/script>\n<!-- \/ Yoast SEO plugin. -->","yoast_head_json":{"title":"Tarif\u00e1rio e conte\u00fado da nossa experi\u00eancia culin\u00e1ria -","description":"Cook in Rio provides culinary fun in a kitchen with Brazilian ingredients and recipes, creating a cultural immersion through food.","robots":{"index":"noindex","follow":"follow"},"og_locale":"en_US","og_type":"article","og_title":"Tarif\u00e1rio e conte\u00fado da nossa experi\u00eancia culin\u00e1ria -","og_description":"Cook in Rio provides culinary fun in a kitchen with Brazilian ingredients and recipes, creating a cultural immersion through food.","og_url":"https:\/\/cookinrio.com\/food\/about-cook-rio-de-janeiro\/trade-2\/trade\/","article_publisher":"https:\/\/www.facebook.com\/cookinrio\/","article_modified_time":"2025-01-23T15:02:41+00:00","og_image":[{"width":300,"height":421,"url":"https:\/\/cookinrio.com\/food\/wp-content\/uploads\/2023\/08\/TarifarioCookinrio2016-pt-cmyk.jpg","type":"image\/jpeg"}],"twitter_card":"summary_large_image","twitter_misc":{"Est. reading time":"15 minutes"},"schema":{"@context":"https:\/\/schema.org","@graph":[{"@type":"WebPage","@id":"https:\/\/cookinrio.com\/food\/about-cook-rio-de-janeiro\/trade-2\/trade\/","url":"https:\/\/cookinrio.com\/food\/about-cook-rio-de-janeiro\/trade-2\/trade\/","name":"Tarif\u00e1rio e conte\u00fado da nossa experi\u00eancia culin\u00e1ria -","isPartOf":{"@id":"https:\/\/cookinrio.com\/food\/#website"},"primaryImageOfPage":{"@id":"https:\/\/cookinrio.com\/food\/about-cook-rio-de-janeiro\/trade-2\/trade\/#primaryimage"},"image":{"@id":"https:\/\/cookinrio.com\/food\/about-cook-rio-de-janeiro\/trade-2\/trade\/#primaryimage"},"thumbnailUrl":"https:\/\/cookinrio.com\/food\/wp-content\/uploads\/2023\/08\/TarifarioCookinrio2016-pt-cmyk.jpg","datePublished":"2023-04-05T13:32:37+00:00","dateModified":"2025-01-23T15:02:41+00:00","description":"Cook in Rio provides culinary fun in a kitchen with Brazilian ingredients and recipes, creating a cultural immersion through food.","breadcrumb":{"@id":"https:\/\/cookinrio.com\/food\/about-cook-rio-de-janeiro\/trade-2\/trade\/#breadcrumb"},"inLanguage":"en-US","potentialAction":[{"@type":"ReadAction","target":["https:\/\/cookinrio.com\/food\/about-cook-rio-de-janeiro\/trade-2\/trade\/"]}]},{"@type":"ImageObject","inLanguage":"en-US","@id":"https:\/\/cookinrio.com\/food\/about-cook-rio-de-janeiro\/trade-2\/trade\/#primaryimage","url":"https:\/\/cookinrio.com\/food\/wp-content\/uploads\/2023\/08\/TarifarioCookinrio2016-pt-cmyk.jpg","contentUrl":"https:\/\/cookinrio.com\/food\/wp-content\/uploads\/2023\/08\/TarifarioCookinrio2016-pt-cmyk.jpg","width":300,"height":421,"caption":"cookin menu brochure"},{"@type":"BreadcrumbList","@id":"https:\/\/cookinrio.com\/food\/about-cook-rio-de-janeiro\/trade-2\/trade\/#breadcrumb","itemListElement":[{"@type":"ListItem","position":1,"name":"Home","item":"https:\/\/cookinrio.com\/food\/"},{"@type":"ListItem","position":2,"name":"About Cook in Rio","item":"https:\/\/cookinrio.com\/food\/about-cook-rio-de-janeiro\/"},{"@type":"ListItem","position":3,"name":"Work with us","item":"https:\/\/cookinrio.com\/food\/about-cook-rio-de-janeiro\/trade-2\/"},{"@type":"ListItem","position":4,"name":"Tarif\u00e1rio e conte\u00fado da nossa experi\u00eancia culin\u00e1ria"}]},{"@type":"WebSite","@id":"https:\/\/cookinrio.com\/food\/#website","url":"https:\/\/cookinrio.com\/food\/","name":"Cook in Rio","description":"Travel Food Tips For Rio de Janeiro and Brazil","publisher":{"@id":"https:\/\/cookinrio.com\/food\/#organization"},"potentialAction":[{"@type":"SearchAction","target":{"@type":"EntryPoint","urlTemplate":"https:\/\/cookinrio.com\/food\/?s={search_term_string}"},"query-input":{"@type":"PropertyValueSpecification","valueRequired":true,"valueName":"search_term_string"}}],"inLanguage":"en-US"},{"@type":"Organization","@id":"https:\/\/cookinrio.com\/food\/#organization","name":"Cook in Rio Brazilian cooking classes","url":"https:\/\/cookinrio.com\/food\/","logo":{"@type":"ImageObject","inLanguage":"en-US","@id":"https:\/\/cookinrio.com\/food\/#\/schema\/logo\/image\/","url":"https:\/\/cookinrio.com\/food\/wp-content\/uploads\/2023\/08\/COOKINRIO-LOGO-LARGE-nobg-scaled.webp","contentUrl":"https:\/\/cookinrio.com\/food\/wp-content\/uploads\/2023\/08\/COOKINRIO-LOGO-LARGE-nobg-scaled.webp","width":2560,"height":1307,"caption":"Cook in Rio Brazilian cooking classes"},"image":{"@id":"https:\/\/cookinrio.com\/food\/#\/schema\/logo\/image\/"},"sameAs":["https:\/\/www.facebook.com\/cookinrio\/","https:\/\/www.instagram.com\/cookinrio\/"]}]}},"_links":{"self":[{"href":"https:\/\/cookinrio.com\/food\/wp-json\/wp\/v2\/pages\/9","targetHints":{"allow":["GET"]}}],"collection":[{"href":"https:\/\/cookinrio.com\/food\/wp-json\/wp\/v2\/pages"}],"about":[{"href":"https:\/\/cookinrio.com\/food\/wp-json\/wp\/v2\/types\/page"}],"author":[{"embeddable":true,"href":"https:\/\/cookinrio.com\/food\/wp-json\/wp\/v2\/users\/1"}],"replies":[{"embeddable":true,"href":"https:\/\/cookinrio.com\/food\/wp-json\/wp\/v2\/comments?post=9"}],"version-history":[{"count":25,"href":"https:\/\/cookinrio.com\/food\/wp-json\/wp\/v2\/pages\/9\/revisions"}],"predecessor-version":[{"id":4264,"href":"https:\/\/cookinrio.com\/food\/wp-json\/wp\/v2\/pages\/9\/revisions\/4264"}],"up":[{"embeddable":true,"href":"https:\/\/cookinrio.com\/food\/wp-json\/wp\/v2\/pages\/1406"}],"wp:attachment":[{"href":"https:\/\/cookinrio.com\/food\/wp-json\/wp\/v2\/media?parent=9"}],"curies":[{"name":"wp","href":"https:\/\/api.w.org\/{rel}","templated":true}]}}